{"id":5058,"date":"2025-02-21T08:37:48","date_gmt":"2025-02-21T07:37:48","guid":{"rendered":"https:\/\/www.beaucamping.com\/mobil-home-pyrenees-atlantiques\/"},"modified":"2025-03-06T15:13:13","modified_gmt":"2025-03-06T14:13:13","slug":"mobil-home-pyrenees-atlantiques","status":"publish","type":"page","link":"https:\/\/www.beaucamping.com\/nl\/mobil-home-pyrenees-atlantiques\/","title":{"rendered":"Mobil-home Pyr\u00e9n\u00e9es-Atlantiques"},"content":{"rendered":"<section id=\"ls-section-block_9fe69e1dcb25cc02a70526402ef7f499\" class=\"ls-section \" >\r\n        <div class=\"container \">\r\n        \n\n<h1 class=\"ls__heading wp-block-heading\"><strong>Verhuur van stacaravans in de Pyr\u00e9n\u00e9es-Atlantiques<\/strong><\/h1>\n\n\n\n<h2 class=\"ls__heading wp-block-heading\">Uw verblijf op een camping in de Pyr\u00e9n\u00e9es<\/h2>\n\n\n\n<div class=\"wp-block-columns is-layout-flex wp-container-core-columns-is-layout-9d6595d7 wp-block-columns-is-layout-flex\">\n<div class=\"wp-block-column is-layout-flow wp-block-column-is-layout-flow\" style=\"flex-basis:33.33%\">\n<figure class=\"wp-block-gallery has-nested-images columns-1 is-cropped wp-block-gallery-1 is-layout-flex wp-block-gallery-is-layout-flex\">\n<figure class=\"wp-block-image size-large\"><img decoding=\"async\" width=\"620\" height=\"466\" data-id=\"4963\" src=\"https:\/\/www.beaucamping.com\/wp-content\/uploads\/2024\/10\/mobil-home-prestige-beau-rivage.webp\" alt=\"\" class=\"wp-image-4963\" srcset=\"https:\/\/www.beaucamping.com\/wp-content\/uploads\/2024\/10\/mobil-home-prestige-beau-rivage.webp 620w, https:\/\/www.beaucamping.com\/wp-content\/uploads\/2024\/10\/mobil-home-prestige-beau-rivage-300x225.webp 300w\" sizes=\"(max-width: 620px) 100vw, 620px\" \/><\/figure>\n\n\n\n<figure class=\"wp-block-image size-full\"><img decoding=\"async\" width=\"900\" height=\"600\" data-id=\"1164\" src=\"https:\/\/www.beaucamping.com\/wp-content\/uploads\/2022\/02\/DJI_0684.jpg\" alt=\"camping beaurivage piscine chauffee\" class=\"wp-image-1164\" srcset=\"https:\/\/www.beaucamping.com\/wp-content\/uploads\/2022\/02\/DJI_0684.jpg 900w, https:\/\/www.beaucamping.com\/wp-content\/uploads\/2022\/02\/DJI_0684-300x200.jpg 300w, https:\/\/www.beaucamping.com\/wp-content\/uploads\/2022\/02\/DJI_0684-150x100.jpg 150w, https:\/\/www.beaucamping.com\/wp-content\/uploads\/2022\/02\/DJI_0684-768x512.jpg 768w\" sizes=\"(max-width: 900px) 100vw, 900px\" \/><\/figure>\n<\/figure>\n<\/div>\n\n\n\n<div class=\"wp-block-column is-layout-flow wp-block-column-is-layout-flow\" style=\"flex-basis:66.66%\">\n<p class=\"ls-paragraph\"><a href=\"https:\/\/www.beaucamping.com\/nl\/\">Onze <strong>camping<\/strong> in de <strong>Pyr\u00e9n\u00e9es-Atlantiques<\/strong><\/a> biedt <strong>stacaravanverhuur<\/strong> voor een <strong>comfortabele vakantie<\/strong>. Onze <strong>camping<\/strong> is gelegen in <strong>Aquitaine<\/strong>, in het hart van B\u00e9arn, dicht bij het <strong>Baskenland<\/strong>, <strong>Biarritz<\/strong>, <strong>Bidart<\/strong> en de <strong>Baskische dorpen<\/strong>.<\/p>\n\n\n\n<p class=\"ls-paragraph\">U vindt verschillende <strong>accommodaties<\/strong> geschikt voor <strong>gezinnen<\/strong> en groepen. Elke <strong>stacaravan<\/strong> beschikt over meerdere kamers, een terras en gratis wifi-toegang<strong><\/strong> en tal van<strong><\/strong> diensten. De ideale ligging maakt het mogelijk om van de regio te genieten, zowel aan de rivier als midden in de natuur.<\/p>\n\n\n\n<p class=\"ls-paragraph\">Onze <strong>camping<\/strong> ligt dicht bij wateractiviteiten<strong> <\/strong>zoals raften, paddleboarden, kano\u00ebn en vissen. Het beschikt ook over een <strong>verwarmd zwembad<\/strong> dat natuurlijk wordt verwarmd door de zon van de regio en een <strong>kinderpark<\/strong>.<\/p>\n<\/div>\n<\/div>\n\n\r\n    <\/div>\r\n<\/section>\n\n<section id=\"ls-section-block_7df31da8dfdeeec809e4c1ef777f3f42\" class=\"ls-section  has-background has-color-5-background-color has-text-color has-color-black-color\" >\r\n        <div class=\"container \">\r\n        \n\n<h2 class=\"ls__heading wp-block-heading\">Volledig uitgeruste stacaravans voor optimaal comfort<\/h2>\n\n\n\n\n\n<div id=\"prestige\" class=\"ls-hebergements\" >\n\n    \n\n    <div class=\"ls-hebergements__results\" data-row=\"3\" data-campings=\"false\" data-types=\"[42]\">\n<div class=\"ls-hebergement\" data-postid='5067' data-id-reservation='136249' data-id-site='' data-id1='' data-nombre_de_personnes='4\/6' data-nombre_de_chambres='2' data-last-update='' data-type='location prestige' data-options-hebergements='bbq climatisation lave-vaisselle television'>\n\t<div class=\"ls-hebergement__thumb\">\n\t\t<img decoding=\"async\" width=\"620\" height=\"466\" src=\"https:\/\/www.beaucamping.com\/wp-content\/uploads\/2024\/10\/mobil-home-prestige-beau-rivage.webp\" class=\"attachment-medium_large size-medium_large wp-post-image\" alt=\"\" srcset=\"https:\/\/www.beaucamping.com\/wp-content\/uploads\/2024\/10\/mobil-home-prestige-beau-rivage.webp 620w, https:\/\/www.beaucamping.com\/wp-content\/uploads\/2024\/10\/mobil-home-prestige-beau-rivage-300x225.webp 300w\" sizes=\"(max-width: 620px) 100vw, 620px\" \/>\n\t\t<div class=\"nouveaute\"><span>Nieuw voor 2025<\/span><\/div>\t<\/div>\n\t<div class=\"ls-hebergement__title\">\n\t\tMobil Home Prestige 4\/6 pers\t<\/div>\n\t<div class=\"ls-hebergement__details\">\n\n\t\t<div class=\"ls-hebergement__icons\">\n\n\t\t\t\t\t\t\t<span class=\"ls-hebergement__icon\">\n\t\t\t\t\t<i class=\"fas fa-users\"><\/i>\n\t\t\t\t\t4\/6\t\t\t\t<\/span>\n\t\t\t\n\t\t\t\t\t\t\t<span class=\"ls-hebergement__icon\">\n\t\t\t\t\t<i class=\"fas fa-shower\"><\/i>\n\t\t\t\t\t\t\t\t\t\t\t1\t\t\t\t\t\t\t\t\t<\/span>\n\t\t\t\n\t\t\t\t\t\t\t<span class=\"ls-hebergement__icon\">\n\t\t\t\t\t<i class=\"fas fa-vector-square\"><\/i>\n\t\t\t\t\t27m\u00b2\n\t\t\t\t<\/span>\n\t\t\t\n\t\t\t\t\t\t\t<span class=\"ls-hebergement__icon\">\n\t\t\t\t\t<i class=\"fas fa-door-closed\"><\/i>\n\t\t\t\t\t\t\t\t\t\t\t2 CH.\t\t\t\t\t\t\t\t\t<\/span>\n\t\t\t\n\n\n\t\t\t<div class=\"ls-hebergement__subicons\"><span class=\"ls-hebergement__icon\"><i class=\"fas fa-fire\" aria-hidden=\"true\"><\/i><\/span><span class=\"ls-hebergement__icon\"><i class=\"fas fa-wind\" aria-hidden=\"true\"><\/i><\/span><span class=\"ls-hebergement__icon\"><i class=\"fas fa-utensil-spoon\" aria-hidden=\"true\"><\/i><\/span><span class=\"ls-hebergement__icon\"><i class=\"fas fa-tv\" aria-hidden=\"true\"><\/i><\/span><\/div>\n\t\t<\/div>\n\t<\/div>\n\n\t<div class=\"ls-hebergement__decouvrir\">Ontdek<\/div>\n<\/div><\/div>\n<\/div>\n\n\n<ul class=\"ls-list ls-list-undefined wp-block-list\">\n<li>Elke stacaravan is ontworpen om maximaal comfort te bieden. Onze accommodaties omvatten ruime slaapkamers, een uitgeruste keuken en een eigen badkamer.<\/li>\n\n\n\n<li>Het <strong>terras<\/strong> stelt je in staat om optimaal van de buitenlucht te genieten. Sommige <strong>stacaravans<\/strong> zijn voorzien van een <strong>barbecue<\/strong>, een <strong>tuinmeubels<\/strong> en <strong>airconditioning die is aangepast<\/strong> aan elk seizoen.<\/li>\n\n\n\n<li>Onze Prestige stacaravans bieden eersteklas voorzieningen. Ze zijn uitgerust met een <strong>vaatwasser<\/strong>, een smart TV, een groot semi-overdekt terras, <strong>moderne slaapkamers<\/strong> en een lichte woonkamer.<\/li>\n\n\n\n<li>Onze camping in de <strong>Pyr\u00e9n\u00e9es-Atlantiques<\/strong> beschikt ook over een <strong>zwembad<\/strong>, grote <strong>waterparken<\/strong> en <strong>speelterreinen<\/strong> voor het hele <strong>gezin<\/strong>.<\/li>\n\n\n\n<li>Naast onze Prestige mobilhomes met hoogwaardige voorzieningen, bieden wij ook <a href=\"https:\/\/www.beaucamping.com\/nl\/verhuur-vakantiehuis-navarrenx\/\">chalets te huur in de Pyr\u00e9n\u00e9es-Atlantiques<\/a> aan, die plaats bieden aan 2 tot 8 personen voor een comfortabele vakantie in de natuur.<\/li>\n<\/ul>\n\n\r\n    <\/div>\r\n<\/section>\n\n<section id=\"ls-section-block_195c3aefda8c01df2129249be8019657\" class=\"ls-section  page-three\" >\r\n        <div class=\"container \">\r\n        \n\n<h2 class=\"ls__heading wp-block-heading\">Een ideale omgeving voor een gezinsvakantie<\/h2>\n\n\n\n<div class=\"wp-block-columns is-layout-flex wp-container-core-columns-is-layout-9d6595d7 wp-block-columns-is-layout-flex\">\n<div class=\"wp-block-column is-layout-flow wp-block-column-is-layout-flow\">\n<figure class=\"wp-block-image size-full\"><img decoding=\"async\" width=\"800\" height=\"683\" src=\"https:\/\/www.beaucamping.com\/wp-content\/uploads\/2024\/10\/city-stade-camping-beau-rivage.jpg\" alt=\"\" class=\"wp-image-4932\" srcset=\"https:\/\/www.beaucamping.com\/wp-content\/uploads\/2024\/10\/city-stade-camping-beau-rivage.jpg 800w, https:\/\/www.beaucamping.com\/wp-content\/uploads\/2024\/10\/city-stade-camping-beau-rivage-300x256.jpg 300w, https:\/\/www.beaucamping.com\/wp-content\/uploads\/2024\/10\/city-stade-camping-beau-rivage-768x656.jpg 768w\" sizes=\"(max-width: 800px) 100vw, 800px\" \/><\/figure>\n<\/div>\n\n\n\n<div class=\"wp-block-column is-layout-flow wp-block-column-is-layout-flow\">\n<p class=\"ls-paragraph\">De <strong>mobilhomes<\/strong> van onze <a href=\"https:\/\/www.beaucamping.com\/nl\/kamperen-familie-navarrenx\/\">familiecamping in Navarrenx<\/a> bieden optimaal <strong>comfort<\/strong> in elk <strong>seizoen<\/strong>. Ze zijn uitgerust met <strong>wifi<\/strong>, <strong>ruime slaapkamers<\/strong> en een <strong>semi-overdekt terras<\/strong>.<\/p>\n\n\n\n<p class=\"ls-paragraph\">De <strong>Pyr\u00e9n\u00e9es-Atlantiques<\/strong> zijn een perfecte bestemming voor <strong>vakanties<\/strong> met het <strong>gezin<\/strong>, of het nu is om toerisme te doen in Navarrenx of Pau.<\/p>\n\n\n\n<p class=\"ls-paragraph\">De <strong>aanbiedingen<\/strong> vari\u00ebren afhankelijk van de duur van het <strong>verblijf<\/strong> en de boekingsperiode. U kunt reserveren voor \u00e9\u00e9n nacht, een week of voor een <strong>langer verblijf<\/strong>.<\/p>\n\n\n\n<p class=\"ls-paragraph\">Gelegen op een strategische locatie. U kunt genieten van het <strong>gezwommen gemeentelijke zwembad<\/strong>, kajakken of wandelen in de Col des Pyr\u00e9n\u00e9es.<\/p>\n<\/div>\n<\/div>\n\n\r\n    <\/div>\r\n<\/section>\n\n<section id=\"ls-section-block_f3e064aad814b03bcc8d919fd2c95b16\" class=\"ls-section  has-background has-color-5-background-color has-text-color has-color-2-color has-m-t m-t-0\" >\r\n        <div class=\"container \">\r\n        \n\n<h2 class=\"ls__heading wp-block-heading\">Tarieven en aanbiedingen voor onze mobil-home verhuur<\/h2>\n\n\n\n<div class=\"wp-block-columns is-layout-flex wp-container-core-columns-is-layout-9d6595d7 wp-block-columns-is-layout-flex\">\n<div class=\"wp-block-column is-layout-flow wp-block-column-is-layout-flow\" style=\"flex-basis:80%\">\n<p class=\"ls-paragraph\">De <strong>prijzen<\/strong> van de <strong>mobil-home verhuur<\/strong> vari\u00ebren afhankelijk van het <strong>seizoen<\/strong> en de aangeboden voorzieningen. U kunt een <strong>prestige mobil-home<\/strong> reserveren vanaf <strong>83\u20ac\/nacht<\/strong>. We bieden verschillende <strong>aanbiedingen<\/strong> met kortingen voor lange <strong>verblijven<\/strong>.<\/p>\n\n\n\n<p class=\"ls-paragraph\">Voor meer toegankelijke opties, ontdek ook onze <a href=\"https:\/\/www.beaucamping.com\/nl\/kamperen-goedkoop-pyrenees\/\">goedkope camping in de Pyr\u00e9n\u00e9es-Atlantiques<\/a>, ideaal om van de regio te genieten tegen lage kosten.<\/p>\n\n\n\n<a href=\"\/nl\/kamperen-goedkoop-pyrenees\/\" id=\"ls-button-block_b623a5487daa60cbb3778b44ea76a2ee\" target=\"\" rel=\"\" class=\"ls-button aligncenter has-background has-color-1-background-color\" ><span>Ontdek de prijzen<\/span><\/a>\n<\/div>\n\n\n\n<div class=\"wp-block-column is-layout-flow wp-block-column-is-layout-flow\" style=\"flex-basis:66.66%\">\n<figure class=\"wp-block-image size-full\"><img decoding=\"async\" width=\"900\" height=\"600\" src=\"https:\/\/www.beaucamping.com\/wp-content\/uploads\/2022\/05\/DJI_0727-bis-SL.jpg\" alt=\"chalet premium pilotis\" class=\"wp-image-3790\" srcset=\"https:\/\/www.beaucamping.com\/wp-content\/uploads\/2022\/05\/DJI_0727-bis-SL.jpg 900w, https:\/\/www.beaucamping.com\/wp-content\/uploads\/2022\/05\/DJI_0727-bis-SL-300x200.jpg 300w, https:\/\/www.beaucamping.com\/wp-content\/uploads\/2022\/05\/DJI_0727-bis-SL-768x512.jpg 768w\" sizes=\"(max-width: 900px) 100vw, 900px\" \/><\/figure>\n<\/div>\n<\/div>\n\n\r\n    <\/div>\r\n<\/section>\n\n<section id=\"ls-section-block_9fe69e1dcb25cc02a70526402ef7f499\" class=\"ls-section \" >\r\n        <div class=\"container \">\r\n        \n\n<h2 class=\"ls__heading wp-block-heading\">De beoordelingen van onze klanten<\/h2>\n\n\n\n<p class=\"ls-paragraph\">Onze <strong>klanten<\/strong> waarderen hun <strong>verblijf<\/strong> op onze <a href=\"https:\/\/www.beaucamping.com\/nl\/kamperen-zwembad-navarrenx\/\">camping met zwembad in de Pyr\u00e9n\u00e9es<\/a>. De beoordelingen benadrukken de netheid van de <strong>mobil-homes en chalets<\/strong>, de kwaliteit van de <strong>zwembaden<\/strong> en de vele beschikbare faciliteiten.<\/p>\n\n\n\n<p class=\"ls-paragraph\">De nabijheid van <strong>Biarritz<\/strong>, <strong>Bidart<\/strong> en Saint-Jean-de-<strong>Luz<\/strong> is een voordeel. Onze <strong>klanten<\/strong> raden ook de wateractiviteiten en de <strong>kinderen speelzones<\/strong> aan.<\/p>\n\n\n\n\n\r\n    <\/div>\r\n<\/section>\n\n<section id=\"ls-section-block_4e6d3a34849b74dd039b5b7075c87501\" class=\"ls-section  has-background has-color-5-background-color has-text-color has-color-2-color\" >\r\n        <div class=\"container \">\r\n        \n\n<h2 class=\"ls__heading wp-block-heading\">Boek uw mobil-home in de Pyr\u00e9n\u00e9es-Atlantiques<\/h2>\n\n\n\n<div class=\"wp-block-columns is-layout-flex wp-container-core-columns-is-layout-9d6595d7 wp-block-columns-is-layout-flex\">\n<div class=\"wp-block-column is-vertically-aligned-stretch is-layout-flow wp-block-column-is-layout-flow\">\n<figure class=\"wp-block-gallery has-nested-images columns-default is-cropped wp-block-gallery-2 is-layout-flex wp-block-gallery-is-layout-flex\">\n<figure class=\"wp-block-image size-large\"><img decoding=\"async\" width=\"900\" height=\"707\" data-id=\"4569\" src=\"https:\/\/www.beaucamping.com\/wp-content\/uploads\/2023\/01\/DJI_0731-SL-2.jpg\" alt=\"\" class=\"wp-image-4569\" srcset=\"https:\/\/www.beaucamping.com\/wp-content\/uploads\/2023\/01\/DJI_0731-SL-2.jpg 900w, https:\/\/www.beaucamping.com\/wp-content\/uploads\/2023\/01\/DJI_0731-SL-2-300x236.jpg 300w, https:\/\/www.beaucamping.com\/wp-content\/uploads\/2023\/01\/DJI_0731-SL-2-768x603.jpg 768w\" sizes=\"(max-width: 900px) 100vw, 900px\" \/><\/figure>\n<\/figure>\n\n\n\n<figure class=\"wp-block-image size-large\"><img decoding=\"async\" width=\"900\" height=\"572\" src=\"https:\/\/www.beaucamping.com\/wp-content\/uploads\/2023\/01\/DJI_0706-bis-SL.jpg\" alt=\"\" class=\"wp-image-4541\" srcset=\"https:\/\/www.beaucamping.com\/wp-content\/uploads\/2023\/01\/DJI_0706-bis-SL.jpg 900w, https:\/\/www.beaucamping.com\/wp-content\/uploads\/2023\/01\/DJI_0706-bis-SL-300x191.jpg 300w, https:\/\/www.beaucamping.com\/wp-content\/uploads\/2023\/01\/DJI_0706-bis-SL-768x488.jpg 768w\" sizes=\"(max-width: 900px) 100vw, 900px\" \/><\/figure>\n<\/div>\n\n\n\n<div class=\"wp-block-column is-layout-flow wp-block-column-is-layout-flow\" style=\"flex-basis:36%\">\n<p class=\"ls-paragraph\">Kies voor onze <strong>camping<\/strong> en geniet van een <strong>verblijf<\/strong> te midden van de <strong>natuur<\/strong>. Boek een <strong>mobil-home<\/strong> met <strong>terras<\/strong>, <strong>wifi<\/strong> en <strong>zwembad<\/strong>.<\/p>\n\n\n\n<p class=\"ls-paragraph\">Geniet van uw mobil-home op onze <a href=\"https:\/\/www.beaucamping.com\/nl\/kamperen-rand-rivier-navarrenx\/\">camping aan de rivier in de Pyr\u00e9n\u00e9es-Atlantiques<\/a><\/p>\n\n\n\n<a href=\"\/mobil-home-pyrenees-atlantiques\/#prestige\" id=\"ls-button-block_8b99e982e08782dec119985ccef8604b\" target=\"\" rel=\"\" class=\"ls-button aligncenter\" ><span>Boek uw mobil-home<\/span><\/a>\n<\/div>\n\n\n\n<div class=\"wp-block-column is-layout-flow wp-block-column-is-layout-flow\">\n<figure class=\"wp-block-gallery has-nested-images columns-default is-cropped wp-block-gallery-3 is-layout-flex wp-block-gallery-is-layout-flex\">\n<figure class=\"wp-block-image size-large\"><img decoding=\"async\" width=\"1024\" height=\"768\" data-id=\"4312\" src=\"https:\/\/www.beaucamping.com\/wp-content\/uploads\/2022\/12\/LAC-MONTAGNON-BEARN-1-1024x768.jpg\" alt=\"\" class=\"wp-image-4312\" srcset=\"https:\/\/www.beaucamping.com\/wp-content\/uploads\/2022\/12\/LAC-MONTAGNON-BEARN-1-1024x768.jpg 1024w, https:\/\/www.beaucamping.com\/wp-content\/uploads\/2022\/12\/LAC-MONTAGNON-BEARN-1-300x225.jpg 300w, https:\/\/www.beaucamping.com\/wp-content\/uploads\/2022\/12\/LAC-MONTAGNON-BEARN-1-768x576.jpg 768w, https:\/\/www.beaucamping.com\/wp-content\/uploads\/2022\/12\/LAC-MONTAGNON-BEARN-1-1536x1152.jpg 1536w, https:\/\/www.beaucamping.com\/wp-content\/uploads\/2022\/12\/LAC-MONTAGNON-BEARN-1.jpg 2048w\" sizes=\"(max-width: 1024px) 100vw, 1024px\" \/><\/figure>\n<\/figure>\n\n\n\n<figure class=\"wp-block-image size-large\"><img decoding=\"async\" width=\"1024\" height=\"692\" src=\"https:\/\/www.beaucamping.com\/wp-content\/uploads\/2022\/12\/LAC-CASTET-BEARN-2-1024x692.jpg\" alt=\"Lac Castet dans le B\u00e9arn\" class=\"wp-image-4304\" srcset=\"https:\/\/www.beaucamping.com\/wp-content\/uploads\/2022\/12\/LAC-CASTET-BEARN-2-1024x692.jpg 1024w, https:\/\/www.beaucamping.com\/wp-content\/uploads\/2022\/12\/LAC-CASTET-BEARN-2-300x203.jpg 300w, https:\/\/www.beaucamping.com\/wp-content\/uploads\/2022\/12\/LAC-CASTET-BEARN-2-768x519.jpg 768w, https:\/\/www.beaucamping.com\/wp-content\/uploads\/2022\/12\/LAC-CASTET-BEARN-2-1536x1038.jpg 1536w, https:\/\/www.beaucamping.com\/wp-content\/uploads\/2022\/12\/LAC-CASTET-BEARN-2-2048x1384.jpg 2048w\" sizes=\"(max-width: 1024px) 100vw, 1024px\" \/><\/figure>\n<\/div>\n<\/div>\n\n\r\n    <\/div>\r\n<\/section>\n\n<section id=\"ls-section-block_9fe69e1dcb25cc02a70526402ef7f499\" class=\"ls-section \" >\r\n        <div class=\"container \">\r\n        \n\n<h2 class=\"ls__heading wp-block-heading\">Ontdek de andere accommodaties op onze camping in de Pyr\u00e9n\u00e9es-Atlantiques<\/h2>\n\n\n\n<div class=\"wp-block-columns is-layout-flex wp-container-core-columns-is-layout-9d6595d7 wp-block-columns-is-layout-flex\">\n<div class=\"wp-block-column is-layout-flow wp-block-column-is-layout-flow\">\r\n<div id=\"ls-cta-block_047b90655fc269e90f06aafc077a0f14\" class=\"ls-cta\">  \r\n    \n\n<a href=\"https:\/\/www.beaucamping.com\/nl\/verhuur-vakantiehuis-navarrenx\/\" target=\"\" rel=\"noopener\" class=\"ls-cta__link\" data-categ=\"\">\n\t<div class=\"ls-cta__image\"><img decoding=\"async\" src=\"https:\/\/www.beaucamping.com\/wp-content\/uploads\/2022\/01\/chalet-3-personnes.jpg\" alt=\"chalet 3 personnes\"><\/div>\n\t<div class=\"ls-cta__title\">\n\t\tChalets \t<\/div>\n\n\t<\/a><\/div><\/div>\n\n\n\n<div class=\"wp-block-column is-layout-flow wp-block-column-is-layout-flow\">\r\n<div id=\"ls-cta-block_a0a3814a56b5e2eea5ad88c6253d6a75\" class=\"ls-cta\">  \r\n    \n\n<a href=\"https:\/\/www.beaucamping.com\/nl\/verhuur-tent-lodge-navarrenx\/\" target=\"\" rel=\"noopener\" class=\"ls-cta__link\" data-categ=\"\">\n\t<div class=\"ls-cta__image\"><img decoding=\"async\" src=\"https:\/\/www.beaucamping.com\/wp-content\/uploads\/2022\/02\/tentes-lodges-2.jpg\" alt=\"tente lodge confort\"><\/div>\n\t<div class=\"ls-cta__title\">\n\t\tLodges\t<\/div>\n\n\t<\/a><\/div><\/div>\n\n\n\n<div class=\"wp-block-column is-layout-flow wp-block-column-is-layout-flow\">\r\n<div id=\"ls-cta-block_ef2fe29278d6277947046388ef18d959\" class=\"ls-cta\">  \r\n    \n\n<a href=\"https:\/\/www.beaucamping.com\/nl\/verhuur-locatie-navarrenx\/\" target=\"\" rel=\"noopener\" class=\"ls-cta__link\" data-categ=\"\">\n\t<div class=\"ls-cta__image\"><img decoding=\"async\" src=\"https:\/\/www.beaucamping.com\/wp-content\/uploads\/2022\/01\/emplacement-grand-confort-1.jpg\" alt=\"camping emplacement navarrenx\"><\/div>\n\t<div class=\"ls-cta__title\">\n\t\tLocatie\t<\/div>\n\n\t<\/a><\/div><\/div>\n<\/div>\n\n\r\n    <\/div>\r\n<\/section>","protected":false},"excerpt":{"rendered":"","protected":false},"author":2,"featured_media":0,"parent":0,"menu_order":0,"comment_status":"closed","ping_status":"closed","template":"","meta":{"_acf_changed":false,"footnotes":""},"sujet":[],"class_list":["post-5058","page","type-page","status-publish","hentry"],"acf":[],"yoast_head":"<!-- This site is optimized with the Yoast SEO plugin v27.4 - https:\/\/yoast.com\/product\/yoast-seo-wordpress\/ -->\n<title>Mobil-home verhuur in de Pyr\u00e9n\u00e9es-Atlantiques: Huur uw mobil-home in de B\u00e9arn<\/title>\n<meta name=\"description\" content=\"Ontdek onze mobil-home verhuur in de Pyr\u00e9n\u00e9es-Atlantiques. Geniet van een comfortabele vakantie tussen bergen en oceaan, in het hart van het Pays Basque en B\u00e9arn. Reserveer nu uw ideale accommodatie!\" \/>\n<meta name=\"robots\" content=\"index, follow, max-snippet:-1, max-image-preview:large, max-video-preview:-1\" \/>\n<link rel=\"canonical\" href=\"https:\/\/www.beaucamping.com\/nl\/mobil-home-pyrenees-atlantiques\/\" \/>\n<meta property=\"og:locale\" content=\"nl_NL\" \/>\n<meta property=\"og:type\" content=\"article\" \/>\n<meta property=\"og:title\" content=\"Mobil-home verhuur in de Pyr\u00e9n\u00e9es-Atlantiques: Huur uw mobil-home in de B\u00e9arn\" \/>\n<meta property=\"og:description\" content=\"Ontdek onze mobil-home verhuur in de Pyr\u00e9n\u00e9es-Atlantiques. Geniet van een comfortabele vakantie tussen bergen en oceaan, in het hart van het Pays Basque en B\u00e9arn. Reserveer nu uw ideale accommodatie!\" \/>\n<meta property=\"og:url\" content=\"https:\/\/www.beaucamping.com\/nl\/mobil-home-pyrenees-atlantiques\/\" \/>\n<meta property=\"og:site_name\" content=\"Camping Beau Rivage\" \/>\n<meta property=\"article:modified_time\" content=\"2025-03-06T14:13:13+00:00\" \/>\n<meta property=\"og:image\" content=\"https:\/\/www.beaucamping.com\/wp-content\/uploads\/2024\/10\/mobil-home-prestige-beau-rivage.webp\" \/>\n<meta name=\"twitter:card\" content=\"summary_large_image\" \/>\n<meta name=\"twitter:label1\" content=\"Geschatte leestijd\" \/>\n\t<meta name=\"twitter:data1\" content=\"5 minuten\" \/>\n<script type=\"application\/ld+json\" class=\"yoast-schema-graph\">{\"@context\":\"https:\\\/\\\/schema.org\",\"@graph\":[{\"@type\":\"WebPage\",\"@id\":\"https:\\\/\\\/www.beaucamping.com\\\/nl\\\/mobil-home-pyrenees-atlantiques\\\/\",\"url\":\"https:\\\/\\\/www.beaucamping.com\\\/nl\\\/mobil-home-pyrenees-atlantiques\\\/\",\"name\":\"Mobil-home verhuur in de Pyr\u00e9n\u00e9es-Atlantiques: Huur uw mobil-home in de B\u00e9arn\",\"isPartOf\":{\"@id\":\"https:\\\/\\\/www.beaucamping.com\\\/nl\\\/#website\"},\"primaryImageOfPage\":{\"@id\":\"https:\\\/\\\/www.beaucamping.com\\\/nl\\\/mobil-home-pyrenees-atlantiques\\\/#primaryimage\"},\"image\":{\"@id\":\"https:\\\/\\\/www.beaucamping.com\\\/nl\\\/mobil-home-pyrenees-atlantiques\\\/#primaryimage\"},\"thumbnailUrl\":\"https:\\\/\\\/www.beaucamping.com\\\/wp-content\\\/uploads\\\/2024\\\/10\\\/mobil-home-prestige-beau-rivage.webp\",\"datePublished\":\"2025-02-21T07:37:48+00:00\",\"dateModified\":\"2025-03-06T14:13:13+00:00\",\"description\":\"Ontdek onze mobil-home verhuur in de Pyr\u00e9n\u00e9es-Atlantiques. Geniet van een comfortabele vakantie tussen bergen en oceaan, in het hart van het Pays Basque en B\u00e9arn. Reserveer nu uw ideale accommodatie!\",\"breadcrumb\":{\"@id\":\"https:\\\/\\\/www.beaucamping.com\\\/nl\\\/mobil-home-pyrenees-atlantiques\\\/#breadcrumb\"},\"inLanguage\":\"nl-NL\",\"potentialAction\":[{\"@type\":\"ReadAction\",\"target\":[\"https:\\\/\\\/www.beaucamping.com\\\/nl\\\/mobil-home-pyrenees-atlantiques\\\/\"]}]},{\"@type\":\"ImageObject\",\"inLanguage\":\"nl-NL\",\"@id\":\"https:\\\/\\\/www.beaucamping.com\\\/nl\\\/mobil-home-pyrenees-atlantiques\\\/#primaryimage\",\"url\":\"https:\\\/\\\/www.beaucamping.com\\\/wp-content\\\/uploads\\\/2024\\\/10\\\/mobil-home-prestige-beau-rivage.webp\",\"contentUrl\":\"https:\\\/\\\/www.beaucamping.com\\\/wp-content\\\/uploads\\\/2024\\\/10\\\/mobil-home-prestige-beau-rivage.webp\"},{\"@type\":\"BreadcrumbList\",\"@id\":\"https:\\\/\\\/www.beaucamping.com\\\/nl\\\/mobil-home-pyrenees-atlantiques\\\/#breadcrumb\",\"itemListElement\":[{\"@type\":\"ListItem\",\"position\":1,\"name\":\"Camping B\u00e9arn\",\"item\":\"https:\\\/\\\/www.beaucamping.com\\\/nl\\\/\"},{\"@type\":\"ListItem\",\"position\":2,\"name\":\"Mobile-homes Pyr\u00e9nn\u00e9es Altantique\"}]},{\"@type\":\"WebSite\",\"@id\":\"https:\\\/\\\/www.beaucamping.com\\\/nl\\\/#website\",\"url\":\"https:\\\/\\\/www.beaucamping.com\\\/nl\\\/\",\"name\":\"Camping Beau Rivage\",\"description\":\"\",\"publisher\":{\"@id\":\"https:\\\/\\\/www.beaucamping.com\\\/nl\\\/#organization\"},\"potentialAction\":[{\"@type\":\"SearchAction\",\"target\":{\"@type\":\"EntryPoint\",\"urlTemplate\":\"https:\\\/\\\/www.beaucamping.com\\\/nl\\\/?s={search_term_string}\"},\"query-input\":{\"@type\":\"PropertyValueSpecification\",\"valueRequired\":true,\"valueName\":\"search_term_string\"}}],\"inLanguage\":\"nl-NL\"},{\"@type\":\"Organization\",\"@id\":\"https:\\\/\\\/www.beaucamping.com\\\/nl\\\/#organization\",\"name\":\"Camping Beau Rivage\",\"url\":\"https:\\\/\\\/www.beaucamping.com\\\/nl\\\/\",\"logo\":{\"@type\":\"ImageObject\",\"inLanguage\":\"nl-NL\",\"@id\":\"https:\\\/\\\/www.beaucamping.com\\\/nl\\\/#\\\/schema\\\/logo\\\/image\\\/\",\"url\":\"https:\\\/\\\/www.beaucamping.com\\\/wp-content\\\/uploads\\\/2022\\\/02\\\/logo-vert.jpg\",\"contentUrl\":\"https:\\\/\\\/www.beaucamping.com\\\/wp-content\\\/uploads\\\/2022\\\/02\\\/logo-vert.jpg\",\"width\":363,\"height\":169,\"caption\":\"Camping Beau Rivage\"},\"image\":{\"@id\":\"https:\\\/\\\/www.beaucamping.com\\\/nl\\\/#\\\/schema\\\/logo\\\/image\\\/\"}}]}<\/script>\n<!-- \/ Yoast SEO plugin. -->","yoast_head_json":{"title":"Mobil-home verhuur in de Pyr\u00e9n\u00e9es-Atlantiques: Huur uw mobil-home in de B\u00e9arn","description":"Ontdek onze mobil-home verhuur in de Pyr\u00e9n\u00e9es-Atlantiques. Geniet van een comfortabele vakantie tussen bergen en oceaan, in het hart van het Pays Basque en B\u00e9arn. Reserveer nu uw ideale accommodatie!","robots":{"index":"index","follow":"follow","max-snippet":"max-snippet:-1","max-image-preview":"max-image-preview:large","max-video-preview":"max-video-preview:-1"},"canonical":"https:\/\/www.beaucamping.com\/nl\/mobil-home-pyrenees-atlantiques\/","og_locale":"nl_NL","og_type":"article","og_title":"Mobil-home verhuur in de Pyr\u00e9n\u00e9es-Atlantiques: Huur uw mobil-home in de B\u00e9arn","og_description":"Ontdek onze mobil-home verhuur in de Pyr\u00e9n\u00e9es-Atlantiques. Geniet van een comfortabele vakantie tussen bergen en oceaan, in het hart van het Pays Basque en B\u00e9arn. Reserveer nu uw ideale accommodatie!","og_url":"https:\/\/www.beaucamping.com\/nl\/mobil-home-pyrenees-atlantiques\/","og_site_name":"Camping Beau Rivage","article_modified_time":"2025-03-06T14:13:13+00:00","og_image":[{"url":"https:\/\/www.beaucamping.com\/wp-content\/uploads\/2024\/10\/mobil-home-prestige-beau-rivage.webp","type":"","width":"","height":""}],"twitter_card":"summary_large_image","twitter_misc":{"Geschatte leestijd":"5 minuten"},"schema":{"@context":"https:\/\/schema.org","@graph":[{"@type":"WebPage","@id":"https:\/\/www.beaucamping.com\/nl\/mobil-home-pyrenees-atlantiques\/","url":"https:\/\/www.beaucamping.com\/nl\/mobil-home-pyrenees-atlantiques\/","name":"Mobil-home verhuur in de Pyr\u00e9n\u00e9es-Atlantiques: Huur uw mobil-home in de B\u00e9arn","isPartOf":{"@id":"https:\/\/www.beaucamping.com\/nl\/#website"},"primaryImageOfPage":{"@id":"https:\/\/www.beaucamping.com\/nl\/mobil-home-pyrenees-atlantiques\/#primaryimage"},"image":{"@id":"https:\/\/www.beaucamping.com\/nl\/mobil-home-pyrenees-atlantiques\/#primaryimage"},"thumbnailUrl":"https:\/\/www.beaucamping.com\/wp-content\/uploads\/2024\/10\/mobil-home-prestige-beau-rivage.webp","datePublished":"2025-02-21T07:37:48+00:00","dateModified":"2025-03-06T14:13:13+00:00","description":"Ontdek onze mobil-home verhuur in de Pyr\u00e9n\u00e9es-Atlantiques. Geniet van een comfortabele vakantie tussen bergen en oceaan, in het hart van het Pays Basque en B\u00e9arn. Reserveer nu uw ideale accommodatie!","breadcrumb":{"@id":"https:\/\/www.beaucamping.com\/nl\/mobil-home-pyrenees-atlantiques\/#breadcrumb"},"inLanguage":"nl-NL","potentialAction":[{"@type":"ReadAction","target":["https:\/\/www.beaucamping.com\/nl\/mobil-home-pyrenees-atlantiques\/"]}]},{"@type":"ImageObject","inLanguage":"nl-NL","@id":"https:\/\/www.beaucamping.com\/nl\/mobil-home-pyrenees-atlantiques\/#primaryimage","url":"https:\/\/www.beaucamping.com\/wp-content\/uploads\/2024\/10\/mobil-home-prestige-beau-rivage.webp","contentUrl":"https:\/\/www.beaucamping.com\/wp-content\/uploads\/2024\/10\/mobil-home-prestige-beau-rivage.webp"},{"@type":"BreadcrumbList","@id":"https:\/\/www.beaucamping.com\/nl\/mobil-home-pyrenees-atlantiques\/#breadcrumb","itemListElement":[{"@type":"ListItem","position":1,"name":"Camping B\u00e9arn","item":"https:\/\/www.beaucamping.com\/nl\/"},{"@type":"ListItem","position":2,"name":"Mobile-homes Pyr\u00e9nn\u00e9es Altantique"}]},{"@type":"WebSite","@id":"https:\/\/www.beaucamping.com\/nl\/#website","url":"https:\/\/www.beaucamping.com\/nl\/","name":"Camping Beau Rivage","description":"","publisher":{"@id":"https:\/\/www.beaucamping.com\/nl\/#organization"},"potentialAction":[{"@type":"SearchAction","target":{"@type":"EntryPoint","urlTemplate":"https:\/\/www.beaucamping.com\/nl\/?s={search_term_string}"},"query-input":{"@type":"PropertyValueSpecification","valueRequired":true,"valueName":"search_term_string"}}],"inLanguage":"nl-NL"},{"@type":"Organization","@id":"https:\/\/www.beaucamping.com\/nl\/#organization","name":"Camping Beau Rivage","url":"https:\/\/www.beaucamping.com\/nl\/","logo":{"@type":"ImageObject","inLanguage":"nl-NL","@id":"https:\/\/www.beaucamping.com\/nl\/#\/schema\/logo\/image\/","url":"https:\/\/www.beaucamping.com\/wp-content\/uploads\/2022\/02\/logo-vert.jpg","contentUrl":"https:\/\/www.beaucamping.com\/wp-content\/uploads\/2022\/02\/logo-vert.jpg","width":363,"height":169,"caption":"Camping Beau Rivage"},"image":{"@id":"https:\/\/www.beaucamping.com\/nl\/#\/schema\/logo\/image\/"}}]}},"_links":{"self":[{"href":"https:\/\/www.beaucamping.com\/nl\/wp-json\/wp\/v2\/pages\/5058","targetHints":{"allow":["GET"]}}],"collection":[{"href":"https:\/\/www.beaucamping.com\/nl\/wp-json\/wp\/v2\/pages"}],"about":[{"href":"https:\/\/www.beaucamping.com\/nl\/wp-json\/wp\/v2\/types\/page"}],"author":[{"embeddable":true,"href":"https:\/\/www.beaucamping.com\/nl\/wp-json\/wp\/v2\/users\/2"}],"replies":[{"embeddable":true,"href":"https:\/\/www.beaucamping.com\/nl\/wp-json\/wp\/v2\/comments?post=5058"}],"version-history":[{"count":1,"href":"https:\/\/www.beaucamping.com\/nl\/wp-json\/wp\/v2\/pages\/5058\/revisions"}],"predecessor-version":[{"id":5062,"href":"https:\/\/www.beaucamping.com\/nl\/wp-json\/wp\/v2\/pages\/5058\/revisions\/5062"}],"wp:attachment":[{"href":"https:\/\/www.beaucamping.com\/nl\/wp-json\/wp\/v2\/media?parent=5058"}],"wp:term":[{"taxonomy":"sujet","embeddable":true,"href":"https:\/\/www.beaucamping.com\/nl\/wp-json\/wp\/v2\/sujet?post=5058"}],"curies":[{"name":"wp","href":"https:\/\/api.w.org\/{rel}","templated":true}]}}