{"id":2495,"date":"2022-01-14T15:43:46","date_gmt":"2022-01-14T14:43:46","guid":{"rendered":"https:\/\/www.beaucamping.com\/tourisme-pyrenees-atlantiques\/"},"modified":"2022-03-28T16:47:48","modified_gmt":"2022-03-28T14:47:48","slug":"turismo-pyrenees-atlantiques","status":"publish","type":"page","link":"https:\/\/www.beaucamping.com\/es\/turismo-pyrenees-atlantiques\/","title":{"rendered":"La r\u00e9gion"},"content":{"rendered":"<section id=\"ls-section-block_61ee4fe35ef5f\" class=\"ls-section  page-one\" >\r\n        <div class=\"container container--wide\">\r\n        \n\n<h1 class=\"ls__heading has-text-align-center wp-block-heading\" id=\"decouvrir-les-pyrenees-atlantiques\">Descubrir los Pirineos Atl\u00e1nticos<\/h1>\n\n\n\n<div class=\"wp-block-columns are-vertically-aligned-center is-layout-flex wp-container-core-columns-is-layout-9d6595d7 wp-block-columns-is-layout-flex\">\n<div class=\"wp-block-column is-vertically-aligned-center is-layout-flow wp-block-column-is-layout-flow\" style=\"flex-basis:40%\">\n<h2 class=\"ls-heading wp-block-heading\" id=\"a-voir-dans-les-pyrenees-atlantiques\">Qu\u00e9 ver en los Pirineos Atl\u00e1nticos<\/h2>\n\n\n\n<h3 class=\"ls-heading wp-block-heading\" id=\"les-petits-villages-et-la-cote-basque\">Peque\u00f1os pueblos y la costa vasca<\/h3>\n\n\n\n<p class=\"ls-paragraph\">Si quiere relajarse en un entorno precioso, no busque demasiado. El vecino Pa\u00eds Vasco, <strong>a s\u00f3lo una hora<\/strong> del <a href=\"\/es\/\">camping en los Pirineos Atl\u00e1nticos<\/a>, le deleitar\u00e1 con sus paisajes salvajes ba\u00f1ados por el sol y las impresionantes monta\u00f1as de los Pirineos.<\/p>\n\n\n\n<p class=\"ls-paragraph\">Descubra los <strong>t\u00edpicos pueblecitos de la costa vasca<\/strong> como Bidart, Gu\u00e9thary y Saint-Jean-de-Luz, tome el sol en las playas y sum\u00e9rjase en las generosas y potentes olas.<\/p>\n\n\n\n<p class=\"ls-paragraph\"><strong>Y no olvide el interior<\/strong>, en particular cinco pueblos vascos que nos encantan, cuatro de los cuales est\u00e1n clasificados como \u00abPueblos m\u00e1s bonitos de Francia\u00bb: Ainhoa, Sare, La Bastide-Clairence y Saint-Jean-Pied-de-Port. \u00bfPreparado para un paseo?&nbsp;<\/p>\n<\/div>\n\n\n\n<div class=\"wp-block-column is-vertically-aligned-center mozaique is-layout-flow wp-block-column-is-layout-flow\" style=\"flex-basis:60%\">\n<div class=\"wp-block-columns is-layout-flex wp-container-core-columns-is-layout-9d6595d7 wp-block-columns-is-layout-flex\">\n<div class=\"wp-block-column is-layout-flow wp-block-column-is-layout-flow\" style=\"flex-basis:66.66%\">\n<figure class=\"wp-block-image size-full\"><a href=\"https:\/\/www.beaucamping.com\/wp-content\/uploads\/2022\/02\/Bicarritz-cote-des-Basques.jpg\"><img decoding=\"async\" width=\"576\" height=\"432\" src=\"https:\/\/www.beaucamping.com\/wp-content\/uploads\/2022\/02\/Bicarritz-cote-des-Basques.jpg\" alt=\"biarritz ocean \" class=\"wp-image-1484\" srcset=\"https:\/\/www.beaucamping.com\/wp-content\/uploads\/2022\/02\/Bicarritz-cote-des-Basques.jpg 576w, https:\/\/www.beaucamping.com\/wp-content\/uploads\/2022\/02\/Bicarritz-cote-des-Basques-300x225.jpg 300w, https:\/\/www.beaucamping.com\/wp-content\/uploads\/2022\/02\/Bicarritz-cote-des-Basques-150x113.jpg 150w\" sizes=\"(max-width: 576px) 100vw, 576px\" \/><\/a><\/figure>\n<\/div>\n\n\n\n<div class=\"wp-block-column is-layout-flow wp-block-column-is-layout-flow\" style=\"flex-basis:33.33%\">\n<figure class=\"wp-block-image size-full\"><a href=\"https:\/\/www.beaucamping.com\/wp-content\/uploads\/2022\/02\/espelette.jpg\"><img decoding=\"async\" width=\"576\" height=\"431\" src=\"https:\/\/www.beaucamping.com\/wp-content\/uploads\/2022\/02\/espelette.jpg\" alt=\"espelette\" class=\"wp-image-1487\" srcset=\"https:\/\/www.beaucamping.com\/wp-content\/uploads\/2022\/02\/espelette.jpg 576w, https:\/\/www.beaucamping.com\/wp-content\/uploads\/2022\/02\/espelette-300x224.jpg 300w, https:\/\/www.beaucamping.com\/wp-content\/uploads\/2022\/02\/espelette-150x112.jpg 150w\" sizes=\"(max-width: 576px) 100vw, 576px\" \/><\/a><\/figure>\n<\/div>\n<\/div>\n\n\n\n<div class=\"wp-block-columns is-layout-flex wp-container-core-columns-is-layout-9d6595d7 wp-block-columns-is-layout-flex\">\n<div class=\"wp-block-column is-layout-flow wp-block-column-is-layout-flow\" style=\"flex-basis:33.33%\">\n<figure class=\"wp-block-image size-full\"><a href=\"https:\/\/www.beaucamping.com\/wp-content\/uploads\/2022\/02\/Thermes-Salies-\u00a9Olivier-Robinet.jpg\"><img decoding=\"async\" width=\"800\" height=\"532\" src=\"https:\/\/www.beaucamping.com\/wp-content\/uploads\/2022\/02\/Thermes-Salies-\u00a9Olivier-Robinet.jpg\" alt=\"thermes salies de bearn\" class=\"wp-image-1494\" srcset=\"https:\/\/www.beaucamping.com\/wp-content\/uploads\/2022\/02\/Thermes-Salies-\u00a9Olivier-Robinet.jpg 800w, https:\/\/www.beaucamping.com\/wp-content\/uploads\/2022\/02\/Thermes-Salies-\u00a9Olivier-Robinet-300x200.jpg 300w, https:\/\/www.beaucamping.com\/wp-content\/uploads\/2022\/02\/Thermes-Salies-\u00a9Olivier-Robinet-150x100.jpg 150w, https:\/\/www.beaucamping.com\/wp-content\/uploads\/2022\/02\/Thermes-Salies-\u00a9Olivier-Robinet-768x511.jpg 768w\" sizes=\"(max-width: 800px) 100vw, 800px\" \/><\/a><\/figure>\n<\/div>\n\n\n\n<div class=\"wp-block-column is-layout-flow wp-block-column-is-layout-flow\" style=\"flex-basis:66.66%\">\n<figure class=\"wp-block-image size-full\"><a href=\"https:\/\/www.beaucamping.com\/wp-content\/uploads\/2022\/02\/st-jean-Pied-de-Port.jpg\"><img decoding=\"async\" width=\"576\" height=\"432\" src=\"https:\/\/www.beaucamping.com\/wp-content\/uploads\/2022\/02\/st-jean-Pied-de-Port.jpg\" alt=\"st jean pied de port\" class=\"wp-image-1490\" srcset=\"https:\/\/www.beaucamping.com\/wp-content\/uploads\/2022\/02\/st-jean-Pied-de-Port.jpg 576w, https:\/\/www.beaucamping.com\/wp-content\/uploads\/2022\/02\/st-jean-Pied-de-Port-300x225.jpg 300w, https:\/\/www.beaucamping.com\/wp-content\/uploads\/2022\/02\/st-jean-Pied-de-Port-150x113.jpg 150w\" sizes=\"(max-width: 576px) 100vw, 576px\" \/><\/a><\/figure>\n<\/div>\n<\/div>\n<\/div>\n<\/div>\n\n\r\n    <\/div>\r\n<\/section>\n\n<section id=\"ls-section-block_61ee5895f01c3\" class=\"ls-section  home-fourth page-two\" >\r\n        <div class=\"container container--full\">\r\n        \n\n<div class=\"wp-block-columns is-layout-flex wp-container-core-columns-is-layout-9d6595d7 wp-block-columns-is-layout-flex\">\n<div class=\"wp-block-column is-vertically-aligned-center is-layout-flow wp-block-column-is-layout-flow\" style=\"flex-basis:40%\">\n<h3 class=\"ls-heading wp-block-heading\" id=\"l-espagne-a-1h-du-camping\">Espa\u00f1a a 1 hora del camping<\/h3>\n\n\n\n<ul class=\"ls-list wp-block-list\"><li>Las ventas<\/li><\/ul>\n\n\n\n<p class=\"ls-paragraph\"><strong>Descubra Espa\u00f1a y <\/strong>aproveche sus ventas, tiendas fronterizas entre Francia y Espa\u00f1a, donde encontrar\u00e1 una<strong> amplia gama de productos a precios atractivos <\/strong>(carne, alcohol, gasolina, tabaco, ropa\u2026).&nbsp;<\/p>\n\n\n\n<p class=\"ls-paragraph\"><strong>Arn\u00e9guy a 1h03<\/strong> \u2013 Barrio De Ventas, s\/n, 31660 Valcarlos, Navarra, Espa\u00f1a<\/p>\n\n\n\n<ul class=\"ls-list wp-block-list\"><li>San Sebastian, nuestro favorito!&nbsp;<\/li><\/ul>\n\n\n\n<p class=\"ls-paragraph\"><mark style=\"background-color:rgba(0, 0, 0, 0)\" class=\"has-inline-color has-color-2-color\"><span style=\"text-decoration: underline\" class=\"underline\">San Sebasti\u00e1n<\/span><\/mark> es <strong>famosa por sus playas, su casco antiguo y sus tapas<\/strong>. Descubra sus tres playas, pasee por su casco antiguo y disfrute del singular ambiente espa\u00f1ol.<\/p>\n<\/div>\n\n\n\n<div class=\"wp-block-column is-layout-flow wp-block-column-is-layout-flow\" style=\"flex-basis:60%\">\n<figure class=\"wp-block-image size-full\"><img decoding=\"async\" width=\"900\" height=\"600\" src=\"https:\/\/www.beaucamping.com\/wp-content\/uploads\/2022\/02\/san-sebastian-camping.jpg\" alt=\"san sebastian camping\" class=\"wp-image-1522\" srcset=\"https:\/\/www.beaucamping.com\/wp-content\/uploads\/2022\/02\/san-sebastian-camping.jpg 900w, https:\/\/www.beaucamping.com\/wp-content\/uploads\/2022\/02\/san-sebastian-camping-300x200.jpg 300w, https:\/\/www.beaucamping.com\/wp-content\/uploads\/2022\/02\/san-sebastian-camping-150x100.jpg 150w, https:\/\/www.beaucamping.com\/wp-content\/uploads\/2022\/02\/san-sebastian-camping-768x512.jpg 768w\" sizes=\"(max-width: 900px) 100vw, 900px\" \/><\/figure>\n<\/div>\n<\/div>\n\n\r\n    <\/div>\r\n<\/section>\n\n<section id=\"ls-section-block_61ee5ac5f01c5\" class=\"ls-section \" >\r\n        <div class=\"container container--wide\">\r\n        \n\n<div class=\"wp-block-columns is-layout-flex wp-container-core-columns-is-layout-9d6595d7 wp-block-columns-is-layout-flex\">\n<div class=\"wp-block-column is-layout-flow wp-block-column-is-layout-flow\" style=\"flex-basis:55%\">\n<div class=\"wp-block-columns is-layout-flex wp-container-core-columns-is-layout-9d6595d7 wp-block-columns-is-layout-flex\">\n<div class=\"wp-block-column is-layout-flow wp-block-column-is-layout-flow\">\n<iframe width=\"100%\" height=\"450\" src=\"https:\/\/www.youtube.com\/embed\/XY61fI84kaA\" title=\"YouTube video player\" frameborder=\"0\" allow=\"accelerometer; autoplay; clipboard-write; encrypted-media; gyroscope; picture-in-picture\" allowfullscreen=\"\"><\/iframe>\n<\/div>\n<\/div>\n<\/div>\n\n\n\n<div class=\"wp-block-column is-vertically-aligned-center is-layout-flow wp-block-column-is-layout-flow\" style=\"flex-basis:45%\">\n<h3 class=\"ls-heading wp-block-heading\" id=\"vacances-pres-de-lourdes\">Vacaciones cerca de Lourdes<\/h3>\n\n\n\n<p class=\"ls-paragraph\">Descubra Lourdes, una ciudad de los Pirineos que se ha convertido en uno de los <strong>mayores lugares de peregrinaci\u00f3n del mundo<\/strong> desde las apariciones de la Virgen Mar\u00eda a Bernadette Soubirous en 1858.<\/p>\n\n\n\n<p class=\"ls-paragraph\"><strong>A pie, descubra una aut\u00e9ntica ciudad pirenaica<\/strong> que se ha convertido en la segunda ciudad hotelera de Francia despu\u00e9s de Par\u00eds. En primer lugar, visite <strong>el santuario de Notre-Dame de Lourdes<\/strong>. Contin\u00fae su camino y pase por <strong>la gruta de las apariciones<\/strong>. Por \u00faltimo, admire <strong>las 3 bas\u00edlicas<\/strong>: la de la Inmaculada Concepci\u00f3n y sus magn\u00edficas vidrieras, la de Notre-Dame-du-Rosaire y sus mosaicos y la bas\u00edlica subterr\u00e1nea de San P\u00edo X. Una visita inolvidable donde se mezclan las emociones y el fervor.<\/p>\n\n\n\n<p class=\"ls-paragraph\">Si tiene la oportunidad, <strong>participe en la procesi\u00f3n de antorchas<\/strong> (todas las noches de abril a octubre). Un momento excepcional para compartir.<\/p>\n<\/div>\n<\/div>\n\n\r\n    <\/div>\r\n<\/section>\n\n<section id=\"ls-section-block_61ee5d53f01c6\" class=\"ls-section  page-four has-text-color has-color-white-color\" >\r\n        <div class=\"container container--wide\">\r\n        \n\n<h3 class=\"ls-heading wp-block-heading\" id=\"visites-de-grottes\">Visitas a las cuevas<\/h3>\n\n\n\n<ul class=\"ls-list wp-block-list\"><li><strong>Desfiladero de Kakuetta<\/strong>&nbsp;<\/li><\/ul>\n\n\n\n<p class=\"ls-paragraph\">El desfiladero de Kakuetta es un paisaje extraordinario y tiene fama en toda Europa. Altos acantilados, vistas impresionantes, vegetaci\u00f3n exuberante.<\/p>\n\n\n\n<ul class=\"ls-list wp-block-list\"><li><strong>Pasarela de Holzarte&nbsp;<\/strong><\/li><\/ul>\n\n\n\n<p class=\"ls-paragraph\">Situado en el municipio de Larrau, el puente de Holzarte es un puente \u00abm\u00f3vil\u00bb suspendido sobre un impresionante ca\u00f1\u00f3n: emoci\u00f3n garantizada para grandes y peque\u00f1os !<\/p>\n\n\n\n<ul class=\"ls-list wp-block-list\"><li><strong>Tampoco hay que perderse<\/strong><\/li><\/ul>\n\n\n\n<p class=\"ls-paragraph\">Las <strong>cuevas de Betharram<\/strong> y las cuevas de Sare son lugares excepcionales para descubrir. As\u00ed como: las Cuevas del Alverna.\u00a0<\/p>\n\n\r\n    <\/div>\r\n<\/section>\n\n<section id=\"ls-section-block_621cca9bd4d84\" class=\"ls-section  page-one\" >\r\n        <div class=\"container container--wide\">\r\n        \n\n<h2 class=\"ls__heading has-text-align-center wp-block-heading\" id=\"a-voir-dans-les-pyrenees-atlantiques\">COSAS QUE HACER EN LOS PIRINEOS ATL\u00c1NTICOS<\/h2>\n\n\n\n<div class=\"wp-block-columns are-vertically-aligned-center is-layout-flex wp-container-core-columns-is-layout-9d6595d7 wp-block-columns-is-layout-flex\">\n<div class=\"wp-block-column is-vertically-aligned-center is-layout-flow wp-block-column-is-layout-flow\" style=\"flex-basis:40%\">\n<h3 class=\"ls-heading wp-block-heading\" id=\"les-petits-villages-et-la-cote-basque\">SAUVETERRE-DE-B\u00c9ARN, EL PUEBLO MEDIEVAL Y LAS TERMAS DE SALIES-DE-B\u00c9ARN<\/h3>\n\n\n\n<p class=\"ls-paragraph\"><strong>Situado a 30 minutos del camping<\/strong>, aproveche su estancia en el camping para regalarse una escapada de bienestar en las termas de Salies-de-B\u00e9arn. Disfrute de las propiedades medicinales del <strong>agua termal de Salies-de-B\u00e9arn<\/strong> mientras se relaja. Descubra tambi\u00e9n la ciudad: Salies-de-B\u00e9arn, la ciudad de la sal.<\/p>\n\n\n\n<p class=\"ls-paragraph\">A\u00fan m\u00e1s cerca del camping est\u00e1 Sauveterre-de-B\u00e9arn, una <strong>ciudad medieval<\/strong> con impresionantes murallas y emplazamientos defensivos. Su rico pasado militar ha dado lugar a numerosos monumentos como el puente de la L\u00e9gende, la Tour Moncade, la iglesia y el arsenal, todo ello a orillas del Gave d&#8217;Oloron y con vistas a los Pirineos. No se puede perder bajo ninguna circunstancia!<\/p>\n\n\n\n<h3 class=\"ls-heading wp-block-heading\">EL PEQUE\u00d1O TREN DE ARTOUSTE<\/h3>\n\n\n\n<p class=\"ls-paragraph\"><strong>En el coraz\u00f3n del valle de Ossau<\/strong>, en los Pirineos y a una hora de Pau, suba a la cima de las monta\u00f1as, <strong>a casi 2.000 m de altitud<\/strong>, con el trenecito de Artouste. Es el tren m\u00e1s alto de Europa. Descubra panoramas excepcionales a bordo del tren. <strong>A su llegada, d\u00e9 un paseo por el sendero hasta el lago de Artouste<\/strong>. Puede que incluso vea algunas marmotas.\u00a0<\/p>\n<\/div>\n\n\n\n<div class=\"wp-block-column is-vertically-aligned-center mozaique is-layout-flow wp-block-column-is-layout-flow\" style=\"flex-basis:60%\">\n<div class=\"wp-block-columns is-layout-flex wp-container-core-columns-is-layout-9d6595d7 wp-block-columns-is-layout-flex\">\n<div class=\"wp-block-column is-layout-flow wp-block-column-is-layout-flow\" style=\"flex-basis:66.66%\">\n<figure class=\"wp-block-image size-full\"><a href=\"https:\/\/www.beaucamping.com\/wp-content\/uploads\/2022\/02\/visiter-salies-de-bearn.jpg\"><img decoding=\"async\" width=\"730\" height=\"486\" src=\"https:\/\/www.beaucamping.com\/wp-content\/uploads\/2022\/02\/visiter-salies-de-bearn.jpg\" alt=\"visiter salies de bearn\" class=\"wp-image-2202\" srcset=\"https:\/\/www.beaucamping.com\/wp-content\/uploads\/2022\/02\/visiter-salies-de-bearn.jpg 730w, https:\/\/www.beaucamping.com\/wp-content\/uploads\/2022\/02\/visiter-salies-de-bearn-300x200.jpg 300w\" sizes=\"(max-width: 730px) 100vw, 730px\" \/><\/a><\/figure>\n<\/div>\n\n\n\n<div class=\"wp-block-column is-layout-flow wp-block-column-is-layout-flow\" style=\"flex-basis:33.33%\">\n<figure class=\"wp-block-image size-full\"><a href=\"https:\/\/www.beaucamping.com\/wp-content\/uploads\/2022\/02\/petit-train-artouste.jpg\"><img decoding=\"async\" width=\"730\" height=\"486\" src=\"https:\/\/www.beaucamping.com\/wp-content\/uploads\/2022\/02\/petit-train-artouste.jpg\" alt=\"petit train artouste\" class=\"wp-image-2195\" srcset=\"https:\/\/www.beaucamping.com\/wp-content\/uploads\/2022\/02\/petit-train-artouste.jpg 730w, https:\/\/www.beaucamping.com\/wp-content\/uploads\/2022\/02\/petit-train-artouste-300x200.jpg 300w\" sizes=\"(max-width: 730px) 100vw, 730px\" \/><\/a><\/figure>\n<\/div>\n<\/div>\n\n\n\n<div class=\"wp-block-columns is-layout-flex wp-container-core-columns-is-layout-9d6595d7 wp-block-columns-is-layout-flex\">\n<div class=\"wp-block-column is-layout-flow wp-block-column-is-layout-flow\" style=\"flex-basis:100%\">\n<figure class=\"wp-block-embed is-type-video is-provider-youtube wp-block-embed-youtube w100 w-100 wp-embed-aspect-16-9 wp-has-aspect-ratio\"><div class=\"wp-block-embed__wrapper\">\nhttps:\/\/youtu.be\/RDYVkIDgfls\n<\/div><\/figure>\n<\/div>\n<\/div>\n<\/div>\n<\/div>\n\n\r\n    <\/div>\r\n<\/section>\n\n<section id=\"ls-section-block_620bb41ffaadb\" class=\"ls-section  home-fourth page-two\" >\r\n        <div class=\"container container--full\">\r\n        \n\n<div class=\"wp-block-columns is-layout-flex wp-container-core-columns-is-layout-9d6595d7 wp-block-columns-is-layout-flex\">\n<div class=\"wp-block-column is-vertically-aligned-center is-layout-flow wp-block-column-is-layout-flow\" style=\"flex-basis:40%\">\n<h3 class=\"ls-heading wp-block-heading\" id=\"marches-et-gastronomie-bearnaise\">Mercados y gastronom\u00eda en la regi\u00f3n de Bearn<\/h3>\n\n\n\n<p class=\"ls-paragraph\">Descubra <strong>los productores locales<\/strong> y la riqueza de nuestro territorio: B\u00e9arn.&nbsp;<\/p>\n\n\n\n<p class=\"ls-paragraph\">Descubra <strong>nuestros mercados<\/strong>, algunos de los cuales ofrecen vistas sublimes de <strong>los Pirineos<\/strong>.<\/p>\n\n\n\n<ul class=\"ls-list wp-block-list\"><li>Lunes : Monein, Saint-Jean-Pied-de-Port,&nbsp;<\/li><li>Martes : Orthez, Salies-de-B\u00e9arn (Julio y agosto)<\/li><li>Mi\u00e9rcoles : Navarrenx, Mourenx, Espelette, Peyrehorade<\/li><li>Jueves : Salies-de-B\u00e9arn,<\/li><li>Vendredi : Oloron-Sainte-Marie, Puyo\u00f4 (Viernes por la noche de mayo a septiembre),&nbsp;<\/li><li>S\u00e1bado : Sauveterre-de-B\u00e9arn, Salies-de-B\u00e9arn, Mourenx, Orthez, Espelette, Laruns.<\/li><li>Domingo : Navarrenx (de mediados de mayo a mediados de septiembre).<\/li><\/ul>\n<\/div>\n\n\n\n<div class=\"wp-block-column is-layout-flow wp-block-column-is-layout-flow\" style=\"flex-basis:60%\">\n<figure class=\"wp-block-image size-full\"><img decoding=\"async\" width=\"900\" height=\"600\" src=\"https:\/\/www.beaucamping.com\/wp-content\/uploads\/2022\/02\/marche-local-bearn.jpg\" alt=\"marche local bearn\" class=\"wp-image-1431\" srcset=\"https:\/\/www.beaucamping.com\/wp-content\/uploads\/2022\/02\/marche-local-bearn.jpg 900w, https:\/\/www.beaucamping.com\/wp-content\/uploads\/2022\/02\/marche-local-bearn-300x200.jpg 300w, https:\/\/www.beaucamping.com\/wp-content\/uploads\/2022\/02\/marche-local-bearn-150x100.jpg 150w, https:\/\/www.beaucamping.com\/wp-content\/uploads\/2022\/02\/marche-local-bearn-768x512.jpg 768w\" sizes=\"(max-width: 900px) 100vw, 900px\" \/><\/figure>\n<\/div>\n<\/div>\n\n\r\n    <\/div>\r\n<\/section>\n\n<section id=\"ls-section-block_620bb4e32b458\" class=\"ls-section  page-three\" >\r\n        <div class=\"container container--wide\">\r\n        \n\n<div class=\"wp-block-columns is-layout-flex wp-container-core-columns-is-layout-9d6595d7 wp-block-columns-is-layout-flex\">\n<div class=\"wp-block-column is-layout-flow wp-block-column-is-layout-flow\" style=\"flex-basis:50%\">\n<figure class=\"wp-block-image size-full is-resized\"><img decoding=\"async\" src=\"https:\/\/www.beaucamping.com\/wp-content\/uploads\/2022\/02\/fete-local-bearn.jpg\" alt=\"fete local bearn\" class=\"wp-image-1449\" width=\"725\" height=\"483\" srcset=\"https:\/\/www.beaucamping.com\/wp-content\/uploads\/2022\/02\/fete-local-bearn.jpg 600w, https:\/\/www.beaucamping.com\/wp-content\/uploads\/2022\/02\/fete-local-bearn-300x200.jpg 300w, https:\/\/www.beaucamping.com\/wp-content\/uploads\/2022\/02\/fete-local-bearn-150x100.jpg 150w\" sizes=\"(max-width: 725px) 100vw, 725px\" \/><\/figure>\n<\/div>\n\n\n\n<div class=\"wp-block-column is-layout-flow wp-block-column-is-layout-flow\" style=\"flex-basis:50%\">\n<h3 class=\"ls-heading wp-block-heading\" id=\"festivals-fetes-et-concerts-dans-les-pyrenees-atlantiques\">Festivales, fiestas y conciertos en los Pirineos Atl\u00e1nticos<\/h3>\n\n\n\n<p class=\"ls-paragraph\"><strong>B\u00e9arn <\/strong>es una regi\u00f3n en la que a la gente le <strong>gusta la fiesta<\/strong>. Con una <strong>fuerte cultura<\/strong>, al igual que su vecino el Pa\u00eds Vasco, hay fiestas, festivales y eventos culturales y culinarios durante todo el a\u00f1o..<\/p>\n\n\n\n<p class=\"ls-paragraph\">A continuaci\u00f3n, un <strong>peque\u00f1o resumen de los eventos<\/strong> que tendr\u00e1n lugar en verano :<\/p>\n\n\n\n<p class=\"ls-paragraph\">A lo largo del verano :<\/p>\n\n\n\n<ul class=\"ls-list wp-block-list\"><li><strong>Festival Internacional de Guitarra<\/strong> de Bearn en todo el departamento.<\/li><li><strong>La trashumancia<\/strong> de verano, de pueblo en pueblo, los reba\u00f1os se unen a los pastos de verano: \u00a1no te lo pierdas!<\/li><\/ul>\n\n\n\n<p class=\"ls-paragraph\">En julio<\/p>\n\n\n\n<ul class=\"ls-list wp-block-list\"><li><strong>Los martes musicales<\/strong> : conciertos en el magn\u00edfico teatro Echos, todos los martes en Navarrenx.<\/li><li><strong>Exposici\u00f3n de artesan\u00eda<\/strong> : segunda semana de julio en Navarrenx<\/li><li><strong>Los festivales de Monein<\/strong> : conciertos, bandas y espect\u00e1culos, durante 5 d\u00edas, a finales de julio y principios de agosto<\/li><li><strong>Festival de Sottises<\/strong> : Festival de arte callejero de 3 d\u00edas a finales de mes en Salies-de-B\u00e9arn.<\/li><li><strong>El Festival Medieval<\/strong> : mercado y actividades medievales a finales de mes en Sauveterre-de-B\u00e9arn.<\/li><\/ul>\n<\/div>\n<\/div>\n\n\r\n    <\/div>\r\n<\/section>\n\n<section id=\"ls-section-block_620bb5562b459\" class=\"ls-section  page-four\" >\r\n        <div class=\"container container--wide\">\r\n        \n\n<p class=\"ls-paragraph has-text-color has-color-white-color\">En agosto<\/p>\n\n\n\n<ul class=\"ls-list wp-block-list\"><li><strong>Los martes musicales<\/strong> : conciertos en el magn\u00edfico teatro Echos, todos los martes en Navarrenx.<\/li><\/ul>\n\n\n\n<ul class=\"ls-list wp-block-list\"><li><strong>El piperadere<\/strong> : el mayor concurso de piperade b\u00e9arnaise organizado a mediados de mes en Salies-de-B\u00e9arn<\/li><li><strong>La fiesta de la alpargata<\/strong>, el zapato emblem\u00e1tico del Pa\u00eds Vasco, en Maul\u00e9on a mediados de mes<\/li><li><strong>Fiestas de Navarrenx<\/strong> : la segunda semana de agosto en Navarrenx.<\/li><li><strong>Feria Blonde d&#8217;Aquitaine<\/strong> : a finales de mes en Sauveterre-de-B\u00e9arn<\/li><\/ul>\n\n\n\n<p class=\"ls-paragraph has-text-color has-color-white-color\">Septiembre<\/p>\n\n\n\n<ul class=\"ls-list wp-block-list\"><li><strong>La fiesta de la sal <\/strong>: segunda semana de septiembre en Salies-de-B\u00e9arn<\/li><li><strong>Los festivales de Sauveterre<\/strong> : a mediados de mes en Sauveterre-de-B\u00e9arn.<\/li><\/ul>\n\n\r\n    <\/div>\r\n<\/section>\n\n<section id=\"ls-section-block_61f24cc21ae9c\" class=\"ls-section  page-five\" >\r\n        <div class=\"container container--wide\">\r\n        \n\n<div id=\"ls-heading ls-titre-div-block_61f24d2b1ae9e\" class=\"ls-titre-div aligncenter h2-like\" >\n    Descubra los otros lugares alrededor de nuestro camping en Navarrenx<\/div>\n\n\n\n<div class=\"wp-block-columns is-layout-flex wp-container-core-columns-is-layout-9d6595d7 wp-block-columns-is-layout-flex\">\n<div class=\"wp-block-column is-layout-flow wp-block-column-is-layout-flow\"><div id=\"ls-maillage-block_61f24e751aea1\" class=\"ls-maillage cta-style-normal\" data-rows=\"3\">\r\n    <div class=\"wp-block-columns\"><div class=\"wp-block-column\">\n\n<a href=\"https:\/\/www.beaucamping.com\/es\/turismo-navarrenx\/\" target=\"\" rel=\"noopener\" class=\"ls-cta__link\" data-categ=\"\">\n\t<div class=\"ls-cta__image\"><img decoding=\"async\" src=\"https:\/\/www.beaucamping.com\/wp-content\/uploads\/2022\/02\/remparts-navarrenx.jpg\" alt=\"remparts navarrenx\"><\/div>\n\t<div class=\"ls-cta__title\">\n\t\tNavarrenx\t<\/div>\n\n\t<\/a><\/div><\/div><\/div><\/div>\n\n\n\n<div class=\"wp-block-column is-layout-flow wp-block-column-is-layout-flow\"><div id=\"ls-maillage-block_61f24ef61aea3\" class=\"ls-maillage cta-style-normal\" data-rows=\"3\">\r\n    <div class=\"wp-block-columns\"><div class=\"wp-block-column\">\n\n<a href=\"https:\/\/www.beaucamping.com\/es\/camping-pau\/\" target=\"\" rel=\"noopener\" class=\"ls-cta__link\" data-categ=\"\">\n\t<div class=\"ls-cta__image\"><img decoding=\"async\" src=\"https:\/\/www.beaucamping.com\/wp-content\/uploads\/2022\/02\/camping-pau.jpg\" alt=\"camping pau\"><\/div>\n\t<div class=\"ls-cta__title\">\n\t\tPau\t<\/div>\n\n\t<\/a><\/div><\/div><\/div><\/div>\n\n\n\n<div class=\"wp-block-column is-layout-flow wp-block-column-is-layout-flow\"><div id=\"ls-maillage-block_61f24ef81aea4\" class=\"ls-maillage cta-style-normal\" data-rows=\"3\">\r\n    <div class=\"wp-block-columns\"><div class=\"wp-block-column\">\n\n<a href=\"https:\/\/www.beaucamping.com\/es\/alquiler-cabana-navarrenx\/\" target=\"\" rel=\"noopener\" class=\"ls-cta__link\" data-categ=\"\">\n\t<div class=\"ls-cta__image\"><img decoding=\"async\" src=\"https:\/\/www.beaucamping.com\/wp-content\/uploads\/2022\/02\/location-chalet-bearn.jpg\" alt=\"location chalet bearn\"><\/div>\n\t<div class=\"ls-cta__title\">\n\t\tChalets\t<\/div>\n\n\t<\/a><\/div><\/div><\/div><\/div>\n<\/div>\n\n\r\n    <\/div>\r\n<\/section>","protected":false},"excerpt":{"rendered":"","protected":false},"author":1,"featured_media":885,"parent":0,"menu_order":0,"comment_status":"closed","ping_status":"closed","template":"","meta":{"_acf_changed":false,"footnotes":""},"sujet":[],"class_list":["post-2495","page","type-page","status-publish","has-post-thumbnail","hentry"],"acf":[],"yoast_head":"<!-- This site is optimized with the Yoast SEO plugin v27.4 - https:\/\/yoast.com\/product\/yoast-seo-wordpress\/ -->\n<title>Visitar los Pirineos Atl\u00e1nticos | Actividades y visitas a los Pirineos Atl\u00e1nticos<\/title>\n<meta name=\"description\" content=\"El camping est\u00e1 situado en el coraz\u00f3n de los Pirineos Atl\u00e1nticos, que le sorprender\u00e1n por su patrimonio y sus paisajes de mar y monta\u00f1a.\" \/>\n<meta name=\"robots\" content=\"index, follow, max-snippet:-1, max-image-preview:large, max-video-preview:-1\" \/>\n<link rel=\"canonical\" href=\"https:\/\/www.beaucamping.com\/es\/turismo-pyrenees-atlantiques\/\" \/>\n<meta property=\"og:locale\" content=\"es_ES\" \/>\n<meta property=\"og:type\" content=\"article\" \/>\n<meta property=\"og:title\" content=\"Visitar los Pirineos Atl\u00e1nticos | Actividades y visitas a los Pirineos Atl\u00e1nticos\" \/>\n<meta property=\"og:description\" content=\"El camping est\u00e1 situado en el coraz\u00f3n de los Pirineos Atl\u00e1nticos, que le sorprender\u00e1n por su patrimonio y sus paisajes de mar y monta\u00f1a.\" \/>\n<meta property=\"og:url\" content=\"https:\/\/www.beaucamping.com\/es\/turismo-pyrenees-atlantiques\/\" \/>\n<meta property=\"og:site_name\" content=\"Camping Beau Rivage\" \/>\n<meta property=\"article:modified_time\" content=\"2022-03-28T14:47:48+00:00\" \/>\n<meta property=\"og:image\" content=\"https:\/\/www.beaucamping.com\/wp-content\/uploads\/2022\/02\/sauveterre-gave-peche-camping.jpg\" \/>\n\t<meta property=\"og:image:width\" content=\"1900\" \/>\n\t<meta property=\"og:image:height\" content=\"700\" \/>\n\t<meta property=\"og:image:type\" content=\"image\/jpeg\" \/>\n<meta name=\"twitter:card\" content=\"summary_large_image\" \/>\n<meta name=\"twitter:label1\" content=\"Tiempo de lectura\" \/>\n\t<meta name=\"twitter:data1\" content=\"7 minutos\" \/>\n<script type=\"application\/ld+json\" class=\"yoast-schema-graph\">{\"@context\":\"https:\\\/\\\/schema.org\",\"@graph\":[{\"@type\":\"WebPage\",\"@id\":\"https:\\\/\\\/www.beaucamping.com\\\/es\\\/turismo-pyrenees-atlantiques\\\/\",\"url\":\"https:\\\/\\\/www.beaucamping.com\\\/es\\\/turismo-pyrenees-atlantiques\\\/\",\"name\":\"Visitar los Pirineos Atl\u00e1nticos | Actividades y visitas a los Pirineos Atl\u00e1nticos\",\"isPartOf\":{\"@id\":\"https:\\\/\\\/www.beaucamping.com\\\/es\\\/#website\"},\"primaryImageOfPage\":{\"@id\":\"https:\\\/\\\/www.beaucamping.com\\\/es\\\/turismo-pyrenees-atlantiques\\\/#primaryimage\"},\"image\":{\"@id\":\"https:\\\/\\\/www.beaucamping.com\\\/es\\\/turismo-pyrenees-atlantiques\\\/#primaryimage\"},\"thumbnailUrl\":\"https:\\\/\\\/www.beaucamping.com\\\/wp-content\\\/uploads\\\/2022\\\/02\\\/sauveterre-gave-peche-camping.jpg\",\"datePublished\":\"2022-01-14T14:43:46+00:00\",\"dateModified\":\"2022-03-28T14:47:48+00:00\",\"description\":\"El camping est\u00e1 situado en el coraz\u00f3n de los Pirineos Atl\u00e1nticos, que le sorprender\u00e1n por su patrimonio y sus paisajes de mar y monta\u00f1a.\",\"breadcrumb\":{\"@id\":\"https:\\\/\\\/www.beaucamping.com\\\/es\\\/turismo-pyrenees-atlantiques\\\/#breadcrumb\"},\"inLanguage\":\"es\",\"potentialAction\":[{\"@type\":\"ReadAction\",\"target\":[\"https:\\\/\\\/www.beaucamping.com\\\/es\\\/turismo-pyrenees-atlantiques\\\/\"]}]},{\"@type\":\"ImageObject\",\"inLanguage\":\"es\",\"@id\":\"https:\\\/\\\/www.beaucamping.com\\\/es\\\/turismo-pyrenees-atlantiques\\\/#primaryimage\",\"url\":\"https:\\\/\\\/www.beaucamping.com\\\/wp-content\\\/uploads\\\/2022\\\/02\\\/sauveterre-gave-peche-camping.jpg\",\"contentUrl\":\"https:\\\/\\\/www.beaucamping.com\\\/wp-content\\\/uploads\\\/2022\\\/02\\\/sauveterre-gave-peche-camping.jpg\",\"width\":1900,\"height\":700,\"caption\":\"sauveterre gave peche camping\"},{\"@type\":\"BreadcrumbList\",\"@id\":\"https:\\\/\\\/www.beaucamping.com\\\/es\\\/turismo-pyrenees-atlantiques\\\/#breadcrumb\",\"itemListElement\":[{\"@type\":\"ListItem\",\"position\":1,\"name\":\"Camping B\u00e9arn\",\"item\":\"https:\\\/\\\/www.beaucamping.com\\\/es\\\/\"},{\"@type\":\"ListItem\",\"position\":2,\"name\":\"Turismo en los Pirineos Atl\u00e1nticos\"}]},{\"@type\":\"WebSite\",\"@id\":\"https:\\\/\\\/www.beaucamping.com\\\/es\\\/#website\",\"url\":\"https:\\\/\\\/www.beaucamping.com\\\/es\\\/\",\"name\":\"Camping Beau Rivage\",\"description\":\"\",\"publisher\":{\"@id\":\"https:\\\/\\\/www.beaucamping.com\\\/es\\\/#organization\"},\"potentialAction\":[{\"@type\":\"SearchAction\",\"target\":{\"@type\":\"EntryPoint\",\"urlTemplate\":\"https:\\\/\\\/www.beaucamping.com\\\/es\\\/?s={search_term_string}\"},\"query-input\":{\"@type\":\"PropertyValueSpecification\",\"valueRequired\":true,\"valueName\":\"search_term_string\"}}],\"inLanguage\":\"es\"},{\"@type\":\"Organization\",\"@id\":\"https:\\\/\\\/www.beaucamping.com\\\/es\\\/#organization\",\"name\":\"Camping Beau Rivage\",\"url\":\"https:\\\/\\\/www.beaucamping.com\\\/es\\\/\",\"logo\":{\"@type\":\"ImageObject\",\"inLanguage\":\"es\",\"@id\":\"https:\\\/\\\/www.beaucamping.com\\\/es\\\/#\\\/schema\\\/logo\\\/image\\\/\",\"url\":\"https:\\\/\\\/www.beaucamping.com\\\/wp-content\\\/uploads\\\/2022\\\/02\\\/logo-vert.jpg\",\"contentUrl\":\"https:\\\/\\\/www.beaucamping.com\\\/wp-content\\\/uploads\\\/2022\\\/02\\\/logo-vert.jpg\",\"width\":363,\"height\":169,\"caption\":\"Camping Beau Rivage\"},\"image\":{\"@id\":\"https:\\\/\\\/www.beaucamping.com\\\/es\\\/#\\\/schema\\\/logo\\\/image\\\/\"}}]}<\/script>\n<!-- \/ Yoast SEO plugin. -->","yoast_head_json":{"title":"Visitar los Pirineos Atl\u00e1nticos | Actividades y visitas a los Pirineos Atl\u00e1nticos","description":"El camping est\u00e1 situado en el coraz\u00f3n de los Pirineos Atl\u00e1nticos, que le sorprender\u00e1n por su patrimonio y sus paisajes de mar y monta\u00f1a.","robots":{"index":"index","follow":"follow","max-snippet":"max-snippet:-1","max-image-preview":"max-image-preview:large","max-video-preview":"max-video-preview:-1"},"canonical":"https:\/\/www.beaucamping.com\/es\/turismo-pyrenees-atlantiques\/","og_locale":"es_ES","og_type":"article","og_title":"Visitar los Pirineos Atl\u00e1nticos | Actividades y visitas a los Pirineos Atl\u00e1nticos","og_description":"El camping est\u00e1 situado en el coraz\u00f3n de los Pirineos Atl\u00e1nticos, que le sorprender\u00e1n por su patrimonio y sus paisajes de mar y monta\u00f1a.","og_url":"https:\/\/www.beaucamping.com\/es\/turismo-pyrenees-atlantiques\/","og_site_name":"Camping Beau Rivage","article_modified_time":"2022-03-28T14:47:48+00:00","og_image":[{"width":1900,"height":700,"url":"https:\/\/www.beaucamping.com\/wp-content\/uploads\/2022\/02\/sauveterre-gave-peche-camping.jpg","type":"image\/jpeg"}],"twitter_card":"summary_large_image","twitter_misc":{"Tiempo de lectura":"7 minutos"},"schema":{"@context":"https:\/\/schema.org","@graph":[{"@type":"WebPage","@id":"https:\/\/www.beaucamping.com\/es\/turismo-pyrenees-atlantiques\/","url":"https:\/\/www.beaucamping.com\/es\/turismo-pyrenees-atlantiques\/","name":"Visitar los Pirineos Atl\u00e1nticos | Actividades y visitas a los Pirineos Atl\u00e1nticos","isPartOf":{"@id":"https:\/\/www.beaucamping.com\/es\/#website"},"primaryImageOfPage":{"@id":"https:\/\/www.beaucamping.com\/es\/turismo-pyrenees-atlantiques\/#primaryimage"},"image":{"@id":"https:\/\/www.beaucamping.com\/es\/turismo-pyrenees-atlantiques\/#primaryimage"},"thumbnailUrl":"https:\/\/www.beaucamping.com\/wp-content\/uploads\/2022\/02\/sauveterre-gave-peche-camping.jpg","datePublished":"2022-01-14T14:43:46+00:00","dateModified":"2022-03-28T14:47:48+00:00","description":"El camping est\u00e1 situado en el coraz\u00f3n de los Pirineos Atl\u00e1nticos, que le sorprender\u00e1n por su patrimonio y sus paisajes de mar y monta\u00f1a.","breadcrumb":{"@id":"https:\/\/www.beaucamping.com\/es\/turismo-pyrenees-atlantiques\/#breadcrumb"},"inLanguage":"es","potentialAction":[{"@type":"ReadAction","target":["https:\/\/www.beaucamping.com\/es\/turismo-pyrenees-atlantiques\/"]}]},{"@type":"ImageObject","inLanguage":"es","@id":"https:\/\/www.beaucamping.com\/es\/turismo-pyrenees-atlantiques\/#primaryimage","url":"https:\/\/www.beaucamping.com\/wp-content\/uploads\/2022\/02\/sauveterre-gave-peche-camping.jpg","contentUrl":"https:\/\/www.beaucamping.com\/wp-content\/uploads\/2022\/02\/sauveterre-gave-peche-camping.jpg","width":1900,"height":700,"caption":"sauveterre gave peche camping"},{"@type":"BreadcrumbList","@id":"https:\/\/www.beaucamping.com\/es\/turismo-pyrenees-atlantiques\/#breadcrumb","itemListElement":[{"@type":"ListItem","position":1,"name":"Camping B\u00e9arn","item":"https:\/\/www.beaucamping.com\/es\/"},{"@type":"ListItem","position":2,"name":"Turismo en los Pirineos Atl\u00e1nticos"}]},{"@type":"WebSite","@id":"https:\/\/www.beaucamping.com\/es\/#website","url":"https:\/\/www.beaucamping.com\/es\/","name":"Camping Beau Rivage","description":"","publisher":{"@id":"https:\/\/www.beaucamping.com\/es\/#organization"},"potentialAction":[{"@type":"SearchAction","target":{"@type":"EntryPoint","urlTemplate":"https:\/\/www.beaucamping.com\/es\/?s={search_term_string}"},"query-input":{"@type":"PropertyValueSpecification","valueRequired":true,"valueName":"search_term_string"}}],"inLanguage":"es"},{"@type":"Organization","@id":"https:\/\/www.beaucamping.com\/es\/#organization","name":"Camping Beau Rivage","url":"https:\/\/www.beaucamping.com\/es\/","logo":{"@type":"ImageObject","inLanguage":"es","@id":"https:\/\/www.beaucamping.com\/es\/#\/schema\/logo\/image\/","url":"https:\/\/www.beaucamping.com\/wp-content\/uploads\/2022\/02\/logo-vert.jpg","contentUrl":"https:\/\/www.beaucamping.com\/wp-content\/uploads\/2022\/02\/logo-vert.jpg","width":363,"height":169,"caption":"Camping Beau Rivage"},"image":{"@id":"https:\/\/www.beaucamping.com\/es\/#\/schema\/logo\/image\/"}}]}},"_links":{"self":[{"href":"https:\/\/www.beaucamping.com\/es\/wp-json\/wp\/v2\/pages\/2495","targetHints":{"allow":["GET"]}}],"collection":[{"href":"https:\/\/www.beaucamping.com\/es\/wp-json\/wp\/v2\/pages"}],"about":[{"href":"https:\/\/www.beaucamping.com\/es\/wp-json\/wp\/v2\/types\/page"}],"author":[{"embeddable":true,"href":"https:\/\/www.beaucamping.com\/es\/wp-json\/wp\/v2\/users\/1"}],"replies":[{"embeddable":true,"href":"https:\/\/www.beaucamping.com\/es\/wp-json\/wp\/v2\/comments?post=2495"}],"version-history":[{"count":5,"href":"https:\/\/www.beaucamping.com\/es\/wp-json\/wp\/v2\/pages\/2495\/revisions"}],"predecessor-version":[{"id":3409,"href":"https:\/\/www.beaucamping.com\/es\/wp-json\/wp\/v2\/pages\/2495\/revisions\/3409"}],"wp:featuredmedia":[{"embeddable":true,"href":"https:\/\/www.beaucamping.com\/es\/wp-json\/wp\/v2\/media\/885"}],"wp:attachment":[{"href":"https:\/\/www.beaucamping.com\/es\/wp-json\/wp\/v2\/media?parent=2495"}],"wp:term":[{"taxonomy":"sujet","embeddable":true,"href":"https:\/\/www.beaucamping.com\/es\/wp-json\/wp\/v2\/sujet?post=2495"}],"curies":[{"name":"wp","href":"https:\/\/api.w.org\/{rel}","templated":true}]}}