{"id":2449,"date":"2022-01-14T15:42:58","date_gmt":"2022-01-14T14:42:58","guid":{"rendered":"https:\/\/www.beaucamping.com\/location-chalet-navarrenx\/"},"modified":"2024-10-14T10:49:56","modified_gmt":"2024-10-14T08:49:56","slug":"alquiler-cabana-navarrenx","status":"publish","type":"page","link":"https:\/\/www.beaucamping.com\/es\/alquiler-cabana-navarrenx\/","title":{"rendered":"Chalets"},"content":{"rendered":"<section id=\"ls-section-block_3668ab99e1fee98e1fc41678f4cddea1\" class=\"ls-section  page-one m-b-0 p-b-0 has-p-b p-b-0\" >\r\n        <div class=\"container container--wide\">\r\n        \n\n<h1 class=\"ls__heading wp-block-heading has-text-align-center m-b-0\" id=\"louez-un-chalet-dans-les-pyrenees-atlantiques\">Alquilar un chalet en los Pirineos Atl\u00e1nticos<\/h1>\n\n\r\n    <\/div>\r\n<\/section>\n\n<section id=\"gama-astuta\" class=\"ls-section  m-t-0 p-t-0 page-herbegements\" >\r\n        <div class=\"container container--wide\">\r\n        \n\n<div id=\"ls-heading ls-titre-div-block_d33d87bc6069ebe040d997dfe416a494\" class=\"ls-titre-div m-t-0 h2-like\" >\n    Gama Astuta<\/div>\n\n\n<div id=\"ls-maillage-block_cba65efbd4b41559b5a55529c9fcf857\" class=\"ls-maillage cta-style-normal\" data-rows=\"3\">\r\n    <div class=\"wp-block-columns\"><div class=\"wp-block-column\">\n<div class=\"ls-hebergement\" data-postid='3671' data-id-reservation='106159' data-id-site='' data-id1='' data-nombre_de_personnes='1\/2' data-nombre_de_chambres='' data-last-update='' data-type='location' data-options-hebergements='bbq'>\n\t<div class=\"ls-hebergement__thumb\">\n\t\t<img decoding=\"async\" width=\"768\" height=\"576\" src=\"https:\/\/www.beaucamping.com\/wp-content\/uploads\/2022\/01\/categg_4_1-768x576.jpg\" class=\"attachment-medium_large size-medium_large wp-post-image\" alt=\"chalet bois camping navarrenx\" srcset=\"https:\/\/www.beaucamping.com\/wp-content\/uploads\/2022\/01\/categg_4_1-768x576.jpg 768w, https:\/\/www.beaucamping.com\/wp-content\/uploads\/2022\/01\/categg_4_1-300x225.jpg 300w, https:\/\/www.beaucamping.com\/wp-content\/uploads\/2022\/01\/categg_4_1-150x113.jpg 150w, https:\/\/www.beaucamping.com\/wp-content\/uploads\/2022\/01\/categg_4_1.jpg 800w\" sizes=\"(max-width: 768px) 100vw, 768px\" \/>\n\t\t\t<\/div>\n\t<div class=\"ls-hebergement__title\">\n\t\tChalet Malin 2 pers\t<\/div>\n\t<div class=\"ls-hebergement__details\">\n\n\t\t<div class=\"ls-hebergement__icons\">\n\n\t\t\t\t\t\t\t<span class=\"ls-hebergement__icon\">\n\t\t\t\t\t<i class=\"fas fa-users\"><\/i>\n\t\t\t\t\t1\/2\t\t\t\t<\/span>\n\t\t\t\n\t\t\t\n\t\t\t\t\t\t\t<span class=\"ls-hebergement__icon\">\n\t\t\t\t\t<i class=\"fas fa-vector-square\"><\/i>\n\t\t\t\t\t12m\u00b2\n\t\t\t\t<\/span>\n\t\t\t\n\t\t\t\n\n\n\t\t\t<div class=\"ls-hebergement__subicons\"><span class=\"ls-hebergement__icon\"><i class=\"fas fa-fire\" aria-hidden=\"true\"><\/i><\/span><\/div>\n\t\t<\/div>\n\t<\/div>\n\n\t<div class=\"ls-hebergement__decouvrir\">Descubra<\/div>\n<\/div><\/div><div class=\"wp-block-column\">\n<div class=\"ls-hebergement\" data-postid='3676' data-id-reservation='106160' data-id-site='' data-id1='' data-nombre_de_personnes='3\/4' data-nombre_de_chambres='' data-last-update='' data-type='location' data-options-hebergements='bbq'>\n\t<div class=\"ls-hebergement__thumb\">\n\t\t<img decoding=\"async\" width=\"768\" height=\"576\" src=\"https:\/\/www.beaucamping.com\/wp-content\/uploads\/2022\/01\/chalet-3-personnes-768x576.jpg\" class=\"attachment-medium_large size-medium_large wp-post-image\" alt=\"chalet 3 personnes\" srcset=\"https:\/\/www.beaucamping.com\/wp-content\/uploads\/2022\/01\/chalet-3-personnes-768x576.jpg 768w, https:\/\/www.beaucamping.com\/wp-content\/uploads\/2022\/01\/chalet-3-personnes-300x225.jpg 300w, https:\/\/www.beaucamping.com\/wp-content\/uploads\/2022\/01\/chalet-3-personnes.jpg 800w\" sizes=\"(max-width: 768px) 100vw, 768px\" \/>\n\t\t\t<\/div>\n\t<div class=\"ls-hebergement__title\">\n\t\tChalet Malin 3\/4 pers\t<\/div>\n\t<div class=\"ls-hebergement__details\">\n\n\t\t<div class=\"ls-hebergement__icons\">\n\n\t\t\t\t\t\t\t<span class=\"ls-hebergement__icon\">\n\t\t\t\t\t<i class=\"fas fa-users\"><\/i>\n\t\t\t\t\t3\/4\t\t\t\t<\/span>\n\t\t\t\n\t\t\t\n\t\t\t\t\t\t\t<span class=\"ls-hebergement__icon\">\n\t\t\t\t\t<i class=\"fas fa-vector-square\"><\/i>\n\t\t\t\t\t13.25m\u00b2\n\t\t\t\t<\/span>\n\t\t\t\n\t\t\t\n\n\n\t\t\t<div class=\"ls-hebergement__subicons\"><span class=\"ls-hebergement__icon\"><i class=\"fas fa-fire\" aria-hidden=\"true\"><\/i><\/span><\/div>\n\t\t<\/div>\n\t<\/div>\n\n\t<div class=\"ls-hebergement__decouvrir\">Descubra<\/div>\n<\/div><\/div><\/div><\/div>\n\r\n    <\/div>\r\n<\/section>\n\n<section id=\"gama-privilegio\" class=\"ls-section  page-herbegements\" >\r\n        <div class=\"container container--wide\">\r\n        \n\n<div id=\"ls-heading ls-titre-div-block_f4c91d1449e94aeecf0f81343d93a6a7\" class=\"ls-titre-div h2-like\" >\n    Gama Privilegio<\/div>\n\n\n<div id=\"ls-maillage-block_b6a891f948ed249d4e8120b2f17676e7\" class=\"ls-maillage cta-style-normal\" data-rows=\"3\">\r\n    <div class=\"wp-block-columns\"><div class=\"wp-block-column\">\n<div class=\"ls-hebergement\" data-postid='2692' data-id-reservation='106162' data-id-site='' data-id1='' data-nombre_de_personnes='4\/6' data-nombre_de_chambres='2' data-last-update='' data-type='location' data-options-hebergements='climatisation television'>\n\t<div class=\"ls-hebergement__thumb\">\n\t\t<img decoding=\"async\" width=\"768\" height=\"512\" src=\"https:\/\/www.beaucamping.com\/wp-content\/uploads\/2022\/02\/categg_7_1-768x512.jpg\" class=\"attachment-medium_large size-medium_large wp-post-image\" alt=\"chalet pmr\" srcset=\"https:\/\/www.beaucamping.com\/wp-content\/uploads\/2022\/02\/categg_7_1-768x512.jpg 768w, https:\/\/www.beaucamping.com\/wp-content\/uploads\/2022\/02\/categg_7_1-300x200.jpg 300w, https:\/\/www.beaucamping.com\/wp-content\/uploads\/2022\/02\/categg_7_1-150x100.jpg 150w, https:\/\/www.beaucamping.com\/wp-content\/uploads\/2022\/02\/categg_7_1.jpg 800w\" sizes=\"(max-width: 768px) 100vw, 768px\" \/>\n\t\t\t<\/div>\n\t<div class=\"ls-hebergement__title\">\n\t\tChalet Privil\u00e8ge PMR 4\/6 pers\t<\/div>\n\t<div class=\"ls-hebergement__details\">\n\n\t\t<div class=\"ls-hebergement__icons\">\n\n\t\t\t\t\t\t\t<span class=\"ls-hebergement__icon\">\n\t\t\t\t\t<i class=\"fas fa-users\"><\/i>\n\t\t\t\t\t4\/6\t\t\t\t<\/span>\n\t\t\t\n\t\t\t\n\t\t\t\t\t\t\t<span class=\"ls-hebergement__icon\">\n\t\t\t\t\t<i class=\"fas fa-vector-square\"><\/i>\n\t\t\t\t\t35m\u00b2\n\t\t\t\t<\/span>\n\t\t\t\n\t\t\t\t\t\t\t<span class=\"ls-hebergement__icon\">\n\t\t\t\t\t<i class=\"fas fa-door-closed\"><\/i>\n\t\t\t\t\t\t\t\t\t\t\t2 CH.\t\t\t\t\t\t\t\t\t<\/span>\n\t\t\t\n\n\n\t\t\t<div class=\"ls-hebergement__subicons\"><span class=\"ls-hebergement__icon\"><i class=\"fas fa-wind\" aria-hidden=\"true\"><\/i><\/span><span class=\"ls-hebergement__icon\"><i class=\"fas fa-tv\" aria-hidden=\"true\"><\/i><\/span><\/div>\n\t\t<\/div>\n\t<\/div>\n\n\t<div class=\"ls-hebergement__decouvrir\">Descubra<\/div>\n<\/div><\/div><div class=\"wp-block-column\">\n<div class=\"ls-hebergement\" data-postid='2696' data-id-reservation='106163' data-id-site='' data-id1='' data-nombre_de_personnes='5\/6' data-nombre_de_chambres='2' data-last-update='' data-type='location' data-options-hebergements='climatisation television'>\n\t<div class=\"ls-hebergement__thumb\">\n\t\t<img decoding=\"async\" width=\"768\" height=\"512\" src=\"https:\/\/www.beaucamping.com\/wp-content\/uploads\/2022\/02\/categg_8_1-768x512.jpg\" class=\"attachment-medium_large size-medium_large wp-post-image\" alt=\"chalet grand confort 5\" srcset=\"https:\/\/www.beaucamping.com\/wp-content\/uploads\/2022\/02\/categg_8_1-768x512.jpg 768w, https:\/\/www.beaucamping.com\/wp-content\/uploads\/2022\/02\/categg_8_1-300x200.jpg 300w, https:\/\/www.beaucamping.com\/wp-content\/uploads\/2022\/02\/categg_8_1-150x100.jpg 150w, https:\/\/www.beaucamping.com\/wp-content\/uploads\/2022\/02\/categg_8_1.jpg 800w\" sizes=\"(max-width: 768px) 100vw, 768px\" \/>\n\t\t\t<\/div>\n\t<div class=\"ls-hebergement__title\">\n\t\tChalet Privil\u00e8ge 5\/6 pers\t<\/div>\n\t<div class=\"ls-hebergement__details\">\n\n\t\t<div class=\"ls-hebergement__icons\">\n\n\t\t\t\t\t\t\t<span class=\"ls-hebergement__icon\">\n\t\t\t\t\t<i class=\"fas fa-users\"><\/i>\n\t\t\t\t\t5\/6\t\t\t\t<\/span>\n\t\t\t\n\t\t\t\n\t\t\t\t\t\t\t<span class=\"ls-hebergement__icon\">\n\t\t\t\t\t<i class=\"fas fa-vector-square\"><\/i>\n\t\t\t\t\t35m\u00b2\n\t\t\t\t<\/span>\n\t\t\t\n\t\t\t\t\t\t\t<span class=\"ls-hebergement__icon\">\n\t\t\t\t\t<i class=\"fas fa-door-closed\"><\/i>\n\t\t\t\t\t\t\t\t\t\t\t2 CH.\t\t\t\t\t\t\t\t\t<\/span>\n\t\t\t\n\n\n\t\t\t<div class=\"ls-hebergement__subicons\"><span class=\"ls-hebergement__icon\"><i class=\"fas fa-wind\" aria-hidden=\"true\"><\/i><\/span><span class=\"ls-hebergement__icon\"><i class=\"fas fa-tv\" aria-hidden=\"true\"><\/i><\/span><\/div>\n\t\t<\/div>\n\t<\/div>\n\n\t<div class=\"ls-hebergement__decouvrir\">Descubra<\/div>\n<\/div><\/div><div class=\"wp-block-column\">\n<div class=\"ls-hebergement\" data-postid='3680' data-id-reservation='106161' data-id-site='' data-id1='' data-nombre_de_personnes='4\/5' data-nombre_de_chambres='2' data-last-update='' data-type='location' data-options-hebergements='bbq climatisation lave-vaisselle'>\n\t<div class=\"ls-hebergement__thumb\">\n\t\t<img decoding=\"async\" width=\"768\" height=\"512\" src=\"https:\/\/www.beaucamping.com\/wp-content\/uploads\/2022\/02\/categg_6_1-768x512.jpg\" class=\"attachment-medium_large size-medium_large wp-post-image\" alt=\"chalet grand confort 4\" srcset=\"https:\/\/www.beaucamping.com\/wp-content\/uploads\/2022\/02\/categg_6_1-768x512.jpg 768w, https:\/\/www.beaucamping.com\/wp-content\/uploads\/2022\/02\/categg_6_1-300x200.jpg 300w, https:\/\/www.beaucamping.com\/wp-content\/uploads\/2022\/02\/categg_6_1-150x100.jpg 150w, https:\/\/www.beaucamping.com\/wp-content\/uploads\/2022\/02\/categg_6_1.jpg 800w\" sizes=\"(max-width: 768px) 100vw, 768px\" \/>\n\t\t\t<\/div>\n\t<div class=\"ls-hebergement__title\">\n\t\tChalet Privil\u00e8ge 4\/5 pers\t<\/div>\n\t<div class=\"ls-hebergement__details\">\n\n\t\t<div class=\"ls-hebergement__icons\">\n\n\t\t\t\t\t\t\t<span class=\"ls-hebergement__icon\">\n\t\t\t\t\t<i class=\"fas fa-users\"><\/i>\n\t\t\t\t\t4\/5\t\t\t\t<\/span>\n\t\t\t\n\t\t\t\n\t\t\t\t\t\t\t<span class=\"ls-hebergement__icon\">\n\t\t\t\t\t<i class=\"fas fa-vector-square\"><\/i>\n\t\t\t\t\t32m\u00b2\n\t\t\t\t<\/span>\n\t\t\t\n\t\t\t\t\t\t\t<span class=\"ls-hebergement__icon\">\n\t\t\t\t\t<i class=\"fas fa-door-closed\"><\/i>\n\t\t\t\t\t\t\t\t\t\t\t2 CH.\t\t\t\t\t\t\t\t\t<\/span>\n\t\t\t\n\n\n\t\t\t<div class=\"ls-hebergement__subicons\"><span class=\"ls-hebergement__icon\"><i class=\"fas fa-fire\" aria-hidden=\"true\"><\/i><\/span><span class=\"ls-hebergement__icon\"><i class=\"fas fa-wind\" aria-hidden=\"true\"><\/i><\/span><span class=\"ls-hebergement__icon\"><i class=\"fas fa-utensil-spoon\" aria-hidden=\"true\"><\/i><\/span><\/div>\n\t\t<\/div>\n\t<\/div>\n\n\t<div class=\"ls-hebergement__decouvrir\">Descubra<\/div>\n<\/div><\/div><\/div><\/div>\n\r\n    <\/div>\r\n<\/section>\n\n<section id=\"gama-prestigio\" class=\"ls-section  page-herbegements\" >\r\n        <div class=\"container container--wide\">\r\n        \n\n<div id=\"ls-heading ls-titre-div-block_2e4727de2681d0877c31a1f965d8966f\" class=\"ls-titre-div h2-like\" >\n    Gama Prestigio<\/div>\n\n\n<div id=\"ls-maillage-block_4c4b3e6d543d1e45b23e67513214c56d\" class=\"ls-maillage cta-style-normal\" data-rows=\"3\">\r\n    <div class=\"wp-block-columns\"><div class=\"wp-block-column\">\n<div class=\"ls-hebergement\" data-postid='4969' data-id-reservation='136249' data-id-site='' data-id1='' data-nombre_de_personnes='4\/6' data-nombre_de_chambres='2' data-last-update='' data-type='location prestige' data-options-hebergements='bbq climatisation lave-vaisselle television'>\n\t<div class=\"ls-hebergement__thumb\">\n\t\t<img decoding=\"async\" width=\"620\" height=\"466\" src=\"https:\/\/www.beaucamping.com\/wp-content\/uploads\/2024\/10\/mobil-home-prestige-beau-rivage.webp\" class=\"attachment-medium_large size-medium_large wp-post-image\" alt=\"\" srcset=\"https:\/\/www.beaucamping.com\/wp-content\/uploads\/2024\/10\/mobil-home-prestige-beau-rivage.webp 620w, https:\/\/www.beaucamping.com\/wp-content\/uploads\/2024\/10\/mobil-home-prestige-beau-rivage-300x225.webp 300w\" sizes=\"(max-width: 620px) 100vw, 620px\" \/>\n\t\t<div class=\"nouveaute\"><span>Nuevo para 2025<\/span><\/div>\t<\/div>\n\t<div class=\"ls-hebergement__title\">\n\t\tMobil Home Prestige 4\/6 personas\t<\/div>\n\t<div class=\"ls-hebergement__details\">\n\n\t\t<div class=\"ls-hebergement__icons\">\n\n\t\t\t\t\t\t\t<span class=\"ls-hebergement__icon\">\n\t\t\t\t\t<i class=\"fas fa-users\"><\/i>\n\t\t\t\t\t4\/6\t\t\t\t<\/span>\n\t\t\t\n\t\t\t\t\t\t\t<span class=\"ls-hebergement__icon\">\n\t\t\t\t\t<i class=\"fas fa-shower\"><\/i>\n\t\t\t\t\t\t\t\t\t\t\t1\t\t\t\t\t\t\t\t\t<\/span>\n\t\t\t\n\t\t\t\t\t\t\t<span class=\"ls-hebergement__icon\">\n\t\t\t\t\t<i class=\"fas fa-vector-square\"><\/i>\n\t\t\t\t\t27m\u00b2\n\t\t\t\t<\/span>\n\t\t\t\n\t\t\t\t\t\t\t<span class=\"ls-hebergement__icon\">\n\t\t\t\t\t<i class=\"fas fa-door-closed\"><\/i>\n\t\t\t\t\t\t\t\t\t\t\t2 CH.\t\t\t\t\t\t\t\t\t<\/span>\n\t\t\t\n\n\n\t\t\t<div class=\"ls-hebergement__subicons\"><span class=\"ls-hebergement__icon\"><i class=\"fas fa-fire\" aria-hidden=\"true\"><\/i><\/span><span class=\"ls-hebergement__icon\"><i class=\"fas fa-wind\" aria-hidden=\"true\"><\/i><\/span><span class=\"ls-hebergement__icon\"><i class=\"fas fa-utensil-spoon\" aria-hidden=\"true\"><\/i><\/span><span class=\"ls-hebergement__icon\"><i class=\"fas fa-tv\" aria-hidden=\"true\"><\/i><\/span><\/div>\n\t\t<\/div>\n\t<\/div>\n\n\t<div class=\"ls-hebergement__decouvrir\">Descubra<\/div>\n<\/div><\/div><\/div><\/div>\n\r\n    <\/div>\r\n<\/section>\n\n<section id=\"gama-premium\" class=\"ls-section  page-herbegements\" >\r\n        <div class=\"container container--wide\">\r\n        \n\n<div id=\"ls-heading ls-titre-div-block_844790b89d9cc53938188b501fba4f68\" class=\"ls-titre-div h2-like\" >\n    Gama Premuim<\/div>\n\n\n<div id=\"ls-maillage-block_497b9386f8831577c54d7f8793fde9b2\" class=\"ls-maillage cta-style-normal\" data-rows=\"3\">\r\n    <div class=\"wp-block-columns\"><div class=\"wp-block-column\">\n<div class=\"ls-hebergement\" data-postid='3685' data-id-reservation='112943' data-id-site='' data-id1='' data-nombre_de_personnes='4\/6' data-nombre_de_chambres='2' data-last-update='' data-type='location' data-options-hebergements='bbq climatisation lave-vaisselle television'>\n\t<div class=\"ls-hebergement__thumb\">\n\t\t<img decoding=\"async\" width=\"768\" height=\"512\" src=\"https:\/\/www.beaucamping.com\/wp-content\/uploads\/2022\/05\/chalet-premium-navarrenx-1.jpg\" class=\"attachment-medium_large size-medium_large wp-post-image\" alt=\"chalet navarrenx\" srcset=\"https:\/\/www.beaucamping.com\/wp-content\/uploads\/2022\/05\/chalet-premium-navarrenx-1.jpg 768w, https:\/\/www.beaucamping.com\/wp-content\/uploads\/2022\/05\/chalet-premium-navarrenx-1-300x200.jpg 300w\" sizes=\"(max-width: 768px) 100vw, 768px\" \/>\n\t\t\t<\/div>\n\t<div class=\"ls-hebergement__title\">\n\t\tChalet Premium 4\/6 PERS\t<\/div>\n\t<div class=\"ls-hebergement__details\">\n\n\t\t<div class=\"ls-hebergement__icons\">\n\n\t\t\t\t\t\t\t<span class=\"ls-hebergement__icon\">\n\t\t\t\t\t<i class=\"fas fa-users\"><\/i>\n\t\t\t\t\t4\/6\t\t\t\t<\/span>\n\t\t\t\n\t\t\t\n\t\t\t\t\t\t\t<span class=\"ls-hebergement__icon\">\n\t\t\t\t\t<i class=\"fas fa-vector-square\"><\/i>\n\t\t\t\t\t34m\u00b2\n\t\t\t\t<\/span>\n\t\t\t\n\t\t\t\t\t\t\t<span class=\"ls-hebergement__icon\">\n\t\t\t\t\t<i class=\"fas fa-door-closed\"><\/i>\n\t\t\t\t\t\t\t\t\t\t\t2 CH.\t\t\t\t\t\t\t\t\t<\/span>\n\t\t\t\n\n\n\t\t\t<div class=\"ls-hebergement__subicons\"><span class=\"ls-hebergement__icon\"><i class=\"fas fa-fire\" aria-hidden=\"true\"><\/i><\/span><span class=\"ls-hebergement__icon\"><i class=\"fas fa-wind\" aria-hidden=\"true\"><\/i><\/span><span class=\"ls-hebergement__icon\"><i class=\"fas fa-utensil-spoon\" aria-hidden=\"true\"><\/i><\/span><span class=\"ls-hebergement__icon\"><i class=\"fas fa-tv\" aria-hidden=\"true\"><\/i><\/span><\/div>\n\t\t<\/div>\n\t<\/div>\n\n\t<div class=\"ls-hebergement__decouvrir\">Descubra<\/div>\n<\/div><\/div><div class=\"wp-block-column\">\n<div class=\"ls-hebergement\" data-postid='4599' data-id-reservation='117074' data-id-site='' data-id1='' data-nombre_de_personnes='6\/8' data-nombre_de_chambres='3' data-last-update='' data-type='location' data-options-hebergements='bbq climatisation lave-vaisselle television'>\n\t<div class=\"ls-hebergement__thumb\">\n\t\t<img decoding=\"async\" width=\"768\" height=\"512\" src=\"https:\/\/www.beaucamping.com\/wp-content\/uploads\/2023\/01\/DJI_0735-SL-768x512.jpg\" class=\"attachment-medium_large size-medium_large wp-post-image\" alt=\"\" srcset=\"https:\/\/www.beaucamping.com\/wp-content\/uploads\/2023\/01\/DJI_0735-SL-768x512.jpg 768w, https:\/\/www.beaucamping.com\/wp-content\/uploads\/2023\/01\/DJI_0735-SL-300x200.jpg 300w, https:\/\/www.beaucamping.com\/wp-content\/uploads\/2023\/01\/DJI_0735-SL.jpg 900w\" sizes=\"(max-width: 768px) 100vw, 768px\" \/>\n\t\t\t<\/div>\n\t<div class=\"ls-hebergement__title\">\n\t\tCHALET PREMIUM 6\/8 PERS\t<\/div>\n\t<div class=\"ls-hebergement__details\">\n\n\t\t<div class=\"ls-hebergement__icons\">\n\n\t\t\t\t\t\t\t<span class=\"ls-hebergement__icon\">\n\t\t\t\t\t<i class=\"fas fa-users\"><\/i>\n\t\t\t\t\t6\/8\t\t\t\t<\/span>\n\t\t\t\n\t\t\t\n\t\t\t\t\t\t\t<span class=\"ls-hebergement__icon\">\n\t\t\t\t\t<i class=\"fas fa-vector-square\"><\/i>\n\t\t\t\t\t38m\u00b2\n\t\t\t\t<\/span>\n\t\t\t\n\t\t\t\t\t\t\t<span class=\"ls-hebergement__icon\">\n\t\t\t\t\t<i class=\"fas fa-door-closed\"><\/i>\n\t\t\t\t\t\t\t\t\t\t\t3 CH.\t\t\t\t\t\t\t\t\t<\/span>\n\t\t\t\n\n\n\t\t\t<div class=\"ls-hebergement__subicons\"><span class=\"ls-hebergement__icon\"><i class=\"fas fa-fire\" aria-hidden=\"true\"><\/i><\/span><span class=\"ls-hebergement__icon\"><i class=\"fas fa-wind\" aria-hidden=\"true\"><\/i><\/span><span class=\"ls-hebergement__icon\"><i class=\"fas fa-utensil-spoon\" aria-hidden=\"true\"><\/i><\/span><span class=\"ls-hebergement__icon\"><i class=\"fas fa-tv\" aria-hidden=\"true\"><\/i><\/span><\/div>\n\t\t<\/div>\n\t<\/div>\n\n\t<div class=\"ls-hebergement__decouvrir\">Descubra<\/div>\n<\/div><\/div><\/div><\/div>\n\r\n    <\/div>\r\n<\/section>\n\n<section id=\"ls-section-block_3c2bc86730fc3d2a9b25050d8969fb8a\" class=\"ls-section  has-background has-color-1-background-color has-text-color has-color-white-color\" >\r\n        <div class=\"container container--wide\">\r\n        \n\n<h2 class=\"ls__heading wp-block-heading has-text-align-center has-text-color has-color-white-color\" id=\"gammes-de-chalets-a-louer-a-navarrenx\">Gama de chalets de alquiler en Navarrenx<\/h2>\n\n\n\n<div class=\"wp-block-columns is-layout-flex wp-container-core-columns-is-layout-9d6595d7 wp-block-columns-is-layout-flex\">\n<div class=\"wp-block-column is-layout-flow wp-block-column-is-layout-flow\">\n<h3 class=\"ls__heading wp-block-heading has-text-align-center\" id=\"gamme-classique\">Gama Malin<\/h3>\n\n\n\n<p class=\"ls-paragraph\">Venga a descubrir los <strong>chal\u00e9s idealmente situados<\/strong> en los Pirineos Atl\u00e1nticos, al oeste de Pau y junto a Oloron-Sainte-Marie.&nbsp;<\/p>\n\n\n\n<p class=\"ls-paragraph\">Los chalets de alquiler de la gama Malin son todos de madera y <strong>pueden alojar de 1 a 4 personas<\/strong>. Es la combinaci\u00f3n perfecta de camping, naturaleza y comodidad. Encontrar\u00e1 c\u00f3modas <strong>camas, una cocina americana totalmente equipada, aseos y una terraza sombreada con barbacoa<\/strong>. Las instalaciones sanitarias comunes disponen de duchas limpias.<\/p>\n\n\n\n<p class=\"ls-paragraph\">El <strong>sonido del Gave d&#8217;Oloron (r\u00edo)<\/strong>, <strong>situado debajo de su chalet<\/strong> en el <a href=\"\/es\/\">camping de los Pirineos Atl\u00e1nticos<\/a>, le adormecer\u00e1.<\/p>\n\n\n\n<p class=\"ls-paragraph\">Descubra tambi\u00e9n nuestras tiendas de campa\u00f1a, alquileres at\u00edpicos, que le seducir\u00e1n por su aspecto natural. Si prefiere alojarse en un camping tradicional, nuestras parcelas de calidad de la gama confort o gran confort son ideales.&nbsp;<\/p>\n<\/div>\n\n\n\n<div class=\"wp-block-column is-layout-flow wp-block-column-is-layout-flow\">\n<h3 class=\"ls__heading wp-block-heading has-text-align-center\" id=\"gamme-grand-confort\">Gama Privilege<\/h3>\n\n\n\n<p class=\"ls-paragraph\">Ofrecemos una gama de chalets Privilege de alquiler para<strong> 4\/5 personas<\/strong> o <strong>5\/6 personas<\/strong> con <strong>2 dormitorios<\/strong> a las mejores tarifas. Vive en plena naturaleza en un acogedor <strong>chalet de madera<\/strong> con una <strong>gran terraza y barbacoa<\/strong>. <strong>Desde su terraza, podr\u00e1 ver el magn\u00edfico Gave d&#8217;Oloron<\/strong>, (r\u00edo) debajo de su chalet.<\/p>\n\n\n\n<p class=\"ls-paragraph\">Ideal para pasar unas vacaciones verdes en familia o entre amigos en un ambiente aut\u00e9ntico, los <strong>chalets se componen de dos dormitorios<\/strong>, <strong>una gran cocina equipada<\/strong> (microondas, nevera, vajilla), <strong>un sal\u00f3n-comedor con un gran ventanal completamente abierto al exterior<\/strong>. Su chalet puede ser el punto de partida para descubrir Navarrenx, Bearn, el Pa\u00eds Vasco y los Pirineos.&nbsp;<\/p>\n<\/div>\n\n\n\n<div class=\"wp-block-column is-layout-flow wp-block-column-is-layout-flow\">\n<h3 class=\"ls__heading wp-block-heading has-text-align-center\" id=\"gamme-premium-1\">Gama Premium<\/h3>\n\n\n\n<p class=\"ls-paragraph\">Los chalets Premium tienen <strong>2 dormitorios<\/strong> y <strong>pueden alojar de 4 a 5 personas<\/strong>. Estos chalets est\u00e1n en perfecta armon\u00eda con la naturaleza y ofrecen un estilo de vida interior-exterior gracias a sus <strong>grandes ventanas panor\u00e1micas de 3 paneles<\/strong> y a su <strong>cocina orientada al exterior<\/strong>. Su <strong>gran terraza cubierta<\/strong> se convierte en un sal\u00f3n por derecho propio. Estos chalets <strong>completamente nuevos<\/strong> (2022) <strong>cuentan con todo el confort necesario<\/strong> para su bienestar. Los chalets disponen de <strong>dos dormitorios<\/strong>, una <strong>amplia cocina equipada<\/strong> con horno y lavavajillas, un <strong>sal\u00f3n comedor <\/strong>con un gran ventanal completamente abierto al exterior. Estos <strong>chalets est\u00e1n equipados con aire acondicionado y calefacci\u00f3n<\/strong>. Un chalet perfecto para disfrutar de la naturaleza y descubrir el Bearn, los Pirineos y el vecino Pa\u00eds Vasco.<\/p>\n<\/div>\n<\/div>\n\n\r\n    <\/div>\r\n<\/section>\n\n<section id=\"ls-section-block_726dcef34f9ebe3cc1815b3b40f7d700\" class=\"ls-section \" >\r\n        <div class=\"container \">\r\n        \n\n<h2 class=\"ls__heading wp-block-heading\" id=\"les-services-pour-les-chalets-en-location\">Servicios para chalets de alquiler<\/h2>\n\n\n\n<p class=\"ls-paragraph\">Los peque\u00f1os extras:&nbsp;<\/p>\n\n\r\n    <\/div>\r\n<\/section>\n\n<section id=\"ls-section-block_846f0ab40bbaf9ea865758d1632c67bc\" class=\"ls-section  page-five\" >\r\n        <div class=\"container container--wide\">\r\n        \n\n<div id=\"ls-heading ls-titre-div-block_98e7bebd595355d49034e6a482307198\" class=\"ls-titre-div aligncenter h2-like\" >\n    Descubra las otras ofertas de nuestro camping en Navarrenx<\/div>\n\n\n\n<div class=\"wp-block-columns is-layout-flex wp-container-core-columns-is-layout-9d6595d7 wp-block-columns-is-layout-flex\">\n<div class=\"wp-block-column is-layout-flow wp-block-column-is-layout-flow\"><div id=\"ls-maillage-block_566daa81d94d83995bcab2a03f3b9de5\" class=\"ls-maillage cta-style-normal\" data-rows=\"3\">\r\n    <div class=\"wp-block-columns\"><div class=\"wp-block-column\">\n\n<a href=\"https:\/\/www.beaucamping.com\/es\/alquiler-ubicacion-navarrenx\/\" target=\"\" rel=\"noopener\" class=\"ls-cta__link\" data-categ=\"\">\n\t<div class=\"ls-cta__image\"><img decoding=\"async\" src=\"https:\/\/www.beaucamping.com\/wp-content\/uploads\/2022\/01\/categg_2_4.jpg\" alt=\"emplacement camping beaurivage\"><\/div>\n\t<div class=\"ls-cta__title\">\n\t\tUbicaciones\t<\/div>\n\n\t<\/a><\/div><\/div><\/div><\/div>\n\n\n\n<div class=\"wp-block-column is-layout-flow wp-block-column-is-layout-flow\"><div id=\"ls-maillage-block_01526a78a1fa22589f2a1a526a4e8d6a\" class=\"ls-maillage cta-style-normal\" data-rows=\"3\">\r\n    <div class=\"wp-block-columns\"><div class=\"wp-block-column\">\n\n<a href=\"https:\/\/www.beaucamping.com\/es\/camping-barato-pyrenees\/\" target=\"\" rel=\"noopener\" class=\"ls-cta__link\" data-categ=\"\">\n\t<div class=\"ls-cta__image\"><img decoding=\"async\" src=\"https:\/\/www.beaucamping.com\/wp-content\/uploads\/2022\/02\/tarif-camping-navarrenx.jpg\" alt=\"tarif camping navarrenx\"><\/div>\n\t<div class=\"ls-cta__title\">\n\t\tTarifas\t<\/div>\n\n\t<\/a><\/div><\/div><\/div><\/div>\n\n\n\n<div class=\"wp-block-column is-layout-flow wp-block-column-is-layout-flow\"><div id=\"ls-maillage-block_db08cac2021550856a94f0bf9e2c68f7\" class=\"ls-maillage cta-style-normal\" data-rows=\"3\">\r\n    <div class=\"wp-block-columns\"><div class=\"wp-block-column\">\n\n<a href=\"https:\/\/www.beaucamping.com\/es\/alquiler-carpa-lodge-navarrenx\/\" target=\"\" rel=\"noopener\" class=\"ls-cta__link\" data-categ=\"\">\n\t<div class=\"ls-cta__image\"><img decoding=\"async\" src=\"https:\/\/www.beaucamping.com\/wp-content\/uploads\/2022\/02\/categg_10_1.jpg\" alt=\"tente-lodge\"><\/div>\n\t<div class=\"ls-cta__title\">\n\t\tTiendas de campa\u00f1a\t<\/div>\n\n\t<\/a><\/div><\/div><\/div><\/div>\n<\/div>\n\n\r\n    <\/div>\r\n<\/section>\n\n<section id=\"ls-section-block_4466a4fc7e84bfee4823a45bd5bac1fb\" class=\"ls-section  avis-pages\" >\r\n        <div class=\"container \">\r\n        \n\n<div id=\"ls-heading ls-titre-div-block_00633e64651ca9b71de37344a77e323b\" class=\"ls-titre-div aligncenter h2-like\" >\n    \u00a1Opiniones de los chalets! <\/div>\n\n\n<div class=\"slider slider-avis-pages\"><div class=\"slide\"><div class=\"slide_titre\">Carole<\/div><div class=\"slide_note\">\n                        <img decoding=\"async\" src=\"\/wp-content\/uploads\/2022\/03\/avis-camping.png\" class=\"note-img\" alt=\"avis camping beau rivage\" \/>\n                    <\/div><div class=\"slide_contenu\"><p>Gran camping, tranquilo y descansado. Personal muy agradable y simp\u00e1tico. <strong>Los chalets son muy c\u00f3modos.<\/strong><\/p>\n<\/div><\/div><div class=\"slide\"><div class=\"slide_titre\">Bertrand<\/div><div class=\"slide_note\">\n                        <img decoding=\"async\" src=\"\/wp-content\/uploads\/2022\/03\/avis-camping.png\" class=\"note-img\" alt=\"avis camping beau rivage\" \/>\n                    <\/div><div class=\"slide_contenu\"><p>Tuvimos una estancia maravillosa a pesar del tiempo bastante lluvioso y nos dieron una c\u00e1lida bienvenida. <strong>El Chalet 10 result\u00f3 ser perfecto: su buena construcci\u00f3n de madera da un ambiente muy acogedor<\/strong>. Instalaciones muy bien pensadas. Volveremos.<\/p>\n<\/div><\/div><div class=\"slide\"><div class=\"slide_titre\">Sylvie<\/div><div class=\"slide_note\">\n                        <img decoding=\"async\" src=\"\/wp-content\/uploads\/2022\/03\/avis-camping.png\" class=\"note-img\" alt=\"avis camping beau rivage\" \/>\n                    <\/div><div class=\"slide_contenu\"><p>Qu\u00e9 maravilla es despertarse con el suave sonido del canto de los p\u00e1jaros. <strong>Nuestra estancia en el chalet fue muy buena, as\u00ed que fue demasiado corta<\/strong>. Espero volver pronto. Gracias Clara por tu acogida y tu amabilidad. Hasta pronto&#8230;<\/p>\n<\/div><\/div><\/div>\n\n\r\n    <\/div>\r\n<\/section>","protected":false},"excerpt":{"rendered":"","protected":false},"author":1,"featured_media":1178,"parent":0,"menu_order":0,"comment_status":"closed","ping_status":"closed","template":"","meta":{"_acf_changed":false,"footnotes":""},"sujet":[],"class_list":["post-2449","page","type-page","status-publish","has-post-thumbnail","hentry"],"acf":[],"yoast_head":"<!-- This site is optimized with the Yoast SEO plugin v27.4 - https:\/\/yoast.com\/product\/yoast-seo-wordpress\/ -->\n<title>Alquiler de chalet Navarrenx, cerca de Pau | Alquilar chalet Pyr\u00e9n\u00e9es-Atlantiques<\/title>\n<meta name=\"description\" content=\"St\u00e9phane &amp; Clara se complacen en darle la bienvenida al Camping Beau Rivage Cottage Rental Pau.\" \/>\n<meta name=\"robots\" content=\"index, follow, max-snippet:-1, max-image-preview:large, max-video-preview:-1\" \/>\n<link rel=\"canonical\" href=\"https:\/\/www.beaucamping.com\/es\/alquiler-cabana-navarrenx\/\" \/>\n<meta property=\"og:locale\" content=\"es_ES\" \/>\n<meta property=\"og:type\" content=\"article\" \/>\n<meta property=\"og:title\" content=\"Alquiler de chalet Navarrenx, cerca de Pau | Alquilar chalet Pyr\u00e9n\u00e9es-Atlantiques\" \/>\n<meta property=\"og:description\" content=\"St\u00e9phane &amp; Clara se complacen en darle la bienvenida al Camping Beau Rivage Cottage Rental Pau.\" \/>\n<meta property=\"og:url\" content=\"https:\/\/www.beaucamping.com\/es\/alquiler-cabana-navarrenx\/\" \/>\n<meta property=\"og:site_name\" content=\"Camping Beau Rivage\" \/>\n<meta property=\"article:modified_time\" content=\"2024-10-14T08:49:56+00:00\" \/>\n<meta property=\"og:image\" content=\"https:\/\/www.beaucamping.com\/wp-content\/uploads\/2022\/02\/Plein-air-34-2-2P-2.jpg\" \/>\n\t<meta property=\"og:image:width\" content=\"1900\" \/>\n\t<meta property=\"og:image:height\" content=\"699\" \/>\n\t<meta property=\"og:image:type\" content=\"image\/jpeg\" \/>\n<meta name=\"twitter:card\" content=\"summary_large_image\" \/>\n<meta name=\"twitter:label1\" content=\"Tiempo de lectura\" \/>\n\t<meta name=\"twitter:data1\" content=\"3 minutos\" \/>\n<script type=\"application\/ld+json\" class=\"yoast-schema-graph\">{\"@context\":\"https:\\\/\\\/schema.org\",\"@graph\":[{\"@type\":\"WebPage\",\"@id\":\"https:\\\/\\\/www.beaucamping.com\\\/es\\\/alquiler-cabana-navarrenx\\\/\",\"url\":\"https:\\\/\\\/www.beaucamping.com\\\/es\\\/alquiler-cabana-navarrenx\\\/\",\"name\":\"Alquiler de chalet Navarrenx, cerca de Pau | Alquilar chalet Pyr\u00e9n\u00e9es-Atlantiques\",\"isPartOf\":{\"@id\":\"https:\\\/\\\/www.beaucamping.com\\\/es\\\/#website\"},\"primaryImageOfPage\":{\"@id\":\"https:\\\/\\\/www.beaucamping.com\\\/es\\\/alquiler-cabana-navarrenx\\\/#primaryimage\"},\"image\":{\"@id\":\"https:\\\/\\\/www.beaucamping.com\\\/es\\\/alquiler-cabana-navarrenx\\\/#primaryimage\"},\"thumbnailUrl\":\"https:\\\/\\\/www.beaucamping.com\\\/wp-content\\\/uploads\\\/2022\\\/02\\\/Plein-air-34-2-2P-2.jpg\",\"datePublished\":\"2022-01-14T14:42:58+00:00\",\"dateModified\":\"2024-10-14T08:49:56+00:00\",\"description\":\"St\u00e9phane & Clara se complacen en darle la bienvenida al Camping Beau Rivage Cottage Rental Pau.\",\"breadcrumb\":{\"@id\":\"https:\\\/\\\/www.beaucamping.com\\\/es\\\/alquiler-cabana-navarrenx\\\/#breadcrumb\"},\"inLanguage\":\"es\",\"potentialAction\":[{\"@type\":\"ReadAction\",\"target\":[\"https:\\\/\\\/www.beaucamping.com\\\/es\\\/alquiler-cabana-navarrenx\\\/\"]}]},{\"@type\":\"ImageObject\",\"inLanguage\":\"es\",\"@id\":\"https:\\\/\\\/www.beaucamping.com\\\/es\\\/alquiler-cabana-navarrenx\\\/#primaryimage\",\"url\":\"https:\\\/\\\/www.beaucamping.com\\\/wp-content\\\/uploads\\\/2022\\\/02\\\/Plein-air-34-2-2P-2.jpg\",\"contentUrl\":\"https:\\\/\\\/www.beaucamping.com\\\/wp-content\\\/uploads\\\/2022\\\/02\\\/Plein-air-34-2-2P-2.jpg\",\"width\":1900,\"height\":699,\"caption\":\"camping chalet beaurivage location\"},{\"@type\":\"BreadcrumbList\",\"@id\":\"https:\\\/\\\/www.beaucamping.com\\\/es\\\/alquiler-cabana-navarrenx\\\/#breadcrumb\",\"itemListElement\":[{\"@type\":\"ListItem\",\"position\":1,\"name\":\"Camping B\u00e9arn\",\"item\":\"https:\\\/\\\/www.beaucamping.com\\\/es\\\/\"},{\"@type\":\"ListItem\",\"position\":2,\"name\":\"Alquiler de chalets cerca de Pau\"}]},{\"@type\":\"WebSite\",\"@id\":\"https:\\\/\\\/www.beaucamping.com\\\/es\\\/#website\",\"url\":\"https:\\\/\\\/www.beaucamping.com\\\/es\\\/\",\"name\":\"Camping Beau Rivage\",\"description\":\"\",\"publisher\":{\"@id\":\"https:\\\/\\\/www.beaucamping.com\\\/es\\\/#organization\"},\"potentialAction\":[{\"@type\":\"SearchAction\",\"target\":{\"@type\":\"EntryPoint\",\"urlTemplate\":\"https:\\\/\\\/www.beaucamping.com\\\/es\\\/?s={search_term_string}\"},\"query-input\":{\"@type\":\"PropertyValueSpecification\",\"valueRequired\":true,\"valueName\":\"search_term_string\"}}],\"inLanguage\":\"es\"},{\"@type\":\"Organization\",\"@id\":\"https:\\\/\\\/www.beaucamping.com\\\/es\\\/#organization\",\"name\":\"Camping Beau Rivage\",\"url\":\"https:\\\/\\\/www.beaucamping.com\\\/es\\\/\",\"logo\":{\"@type\":\"ImageObject\",\"inLanguage\":\"es\",\"@id\":\"https:\\\/\\\/www.beaucamping.com\\\/es\\\/#\\\/schema\\\/logo\\\/image\\\/\",\"url\":\"https:\\\/\\\/www.beaucamping.com\\\/wp-content\\\/uploads\\\/2022\\\/02\\\/logo-vert.jpg\",\"contentUrl\":\"https:\\\/\\\/www.beaucamping.com\\\/wp-content\\\/uploads\\\/2022\\\/02\\\/logo-vert.jpg\",\"width\":363,\"height\":169,\"caption\":\"Camping Beau Rivage\"},\"image\":{\"@id\":\"https:\\\/\\\/www.beaucamping.com\\\/es\\\/#\\\/schema\\\/logo\\\/image\\\/\"}}]}<\/script>\n<!-- \/ Yoast SEO plugin. -->","yoast_head_json":{"title":"Alquiler de chalet Navarrenx, cerca de Pau | Alquilar chalet Pyr\u00e9n\u00e9es-Atlantiques","description":"St\u00e9phane & Clara se complacen en darle la bienvenida al Camping Beau Rivage Cottage Rental Pau.","robots":{"index":"index","follow":"follow","max-snippet":"max-snippet:-1","max-image-preview":"max-image-preview:large","max-video-preview":"max-video-preview:-1"},"canonical":"https:\/\/www.beaucamping.com\/es\/alquiler-cabana-navarrenx\/","og_locale":"es_ES","og_type":"article","og_title":"Alquiler de chalet Navarrenx, cerca de Pau | Alquilar chalet Pyr\u00e9n\u00e9es-Atlantiques","og_description":"St\u00e9phane & Clara se complacen en darle la bienvenida al Camping Beau Rivage Cottage Rental Pau.","og_url":"https:\/\/www.beaucamping.com\/es\/alquiler-cabana-navarrenx\/","og_site_name":"Camping Beau Rivage","article_modified_time":"2024-10-14T08:49:56+00:00","og_image":[{"width":1900,"height":699,"url":"https:\/\/www.beaucamping.com\/wp-content\/uploads\/2022\/02\/Plein-air-34-2-2P-2.jpg","type":"image\/jpeg"}],"twitter_card":"summary_large_image","twitter_misc":{"Tiempo de lectura":"3 minutos"},"schema":{"@context":"https:\/\/schema.org","@graph":[{"@type":"WebPage","@id":"https:\/\/www.beaucamping.com\/es\/alquiler-cabana-navarrenx\/","url":"https:\/\/www.beaucamping.com\/es\/alquiler-cabana-navarrenx\/","name":"Alquiler de chalet Navarrenx, cerca de Pau | Alquilar chalet Pyr\u00e9n\u00e9es-Atlantiques","isPartOf":{"@id":"https:\/\/www.beaucamping.com\/es\/#website"},"primaryImageOfPage":{"@id":"https:\/\/www.beaucamping.com\/es\/alquiler-cabana-navarrenx\/#primaryimage"},"image":{"@id":"https:\/\/www.beaucamping.com\/es\/alquiler-cabana-navarrenx\/#primaryimage"},"thumbnailUrl":"https:\/\/www.beaucamping.com\/wp-content\/uploads\/2022\/02\/Plein-air-34-2-2P-2.jpg","datePublished":"2022-01-14T14:42:58+00:00","dateModified":"2024-10-14T08:49:56+00:00","description":"St\u00e9phane & Clara se complacen en darle la bienvenida al Camping Beau Rivage Cottage Rental Pau.","breadcrumb":{"@id":"https:\/\/www.beaucamping.com\/es\/alquiler-cabana-navarrenx\/#breadcrumb"},"inLanguage":"es","potentialAction":[{"@type":"ReadAction","target":["https:\/\/www.beaucamping.com\/es\/alquiler-cabana-navarrenx\/"]}]},{"@type":"ImageObject","inLanguage":"es","@id":"https:\/\/www.beaucamping.com\/es\/alquiler-cabana-navarrenx\/#primaryimage","url":"https:\/\/www.beaucamping.com\/wp-content\/uploads\/2022\/02\/Plein-air-34-2-2P-2.jpg","contentUrl":"https:\/\/www.beaucamping.com\/wp-content\/uploads\/2022\/02\/Plein-air-34-2-2P-2.jpg","width":1900,"height":699,"caption":"camping chalet beaurivage location"},{"@type":"BreadcrumbList","@id":"https:\/\/www.beaucamping.com\/es\/alquiler-cabana-navarrenx\/#breadcrumb","itemListElement":[{"@type":"ListItem","position":1,"name":"Camping B\u00e9arn","item":"https:\/\/www.beaucamping.com\/es\/"},{"@type":"ListItem","position":2,"name":"Alquiler de chalets cerca de Pau"}]},{"@type":"WebSite","@id":"https:\/\/www.beaucamping.com\/es\/#website","url":"https:\/\/www.beaucamping.com\/es\/","name":"Camping Beau Rivage","description":"","publisher":{"@id":"https:\/\/www.beaucamping.com\/es\/#organization"},"potentialAction":[{"@type":"SearchAction","target":{"@type":"EntryPoint","urlTemplate":"https:\/\/www.beaucamping.com\/es\/?s={search_term_string}"},"query-input":{"@type":"PropertyValueSpecification","valueRequired":true,"valueName":"search_term_string"}}],"inLanguage":"es"},{"@type":"Organization","@id":"https:\/\/www.beaucamping.com\/es\/#organization","name":"Camping Beau Rivage","url":"https:\/\/www.beaucamping.com\/es\/","logo":{"@type":"ImageObject","inLanguage":"es","@id":"https:\/\/www.beaucamping.com\/es\/#\/schema\/logo\/image\/","url":"https:\/\/www.beaucamping.com\/wp-content\/uploads\/2022\/02\/logo-vert.jpg","contentUrl":"https:\/\/www.beaucamping.com\/wp-content\/uploads\/2022\/02\/logo-vert.jpg","width":363,"height":169,"caption":"Camping Beau Rivage"},"image":{"@id":"https:\/\/www.beaucamping.com\/es\/#\/schema\/logo\/image\/"}}]}},"_links":{"self":[{"href":"https:\/\/www.beaucamping.com\/es\/wp-json\/wp\/v2\/pages\/2449","targetHints":{"allow":["GET"]}}],"collection":[{"href":"https:\/\/www.beaucamping.com\/es\/wp-json\/wp\/v2\/pages"}],"about":[{"href":"https:\/\/www.beaucamping.com\/es\/wp-json\/wp\/v2\/types\/page"}],"author":[{"embeddable":true,"href":"https:\/\/www.beaucamping.com\/es\/wp-json\/wp\/v2\/users\/1"}],"replies":[{"embeddable":true,"href":"https:\/\/www.beaucamping.com\/es\/wp-json\/wp\/v2\/comments?post=2449"}],"version-history":[{"count":13,"href":"https:\/\/www.beaucamping.com\/es\/wp-json\/wp\/v2\/pages\/2449\/revisions"}],"predecessor-version":[{"id":4996,"href":"https:\/\/www.beaucamping.com\/es\/wp-json\/wp\/v2\/pages\/2449\/revisions\/4996"}],"wp:featuredmedia":[{"embeddable":true,"href":"https:\/\/www.beaucamping.com\/es\/wp-json\/wp\/v2\/media\/1178"}],"wp:attachment":[{"href":"https:\/\/www.beaucamping.com\/es\/wp-json\/wp\/v2\/media?parent=2449"}],"wp:term":[{"taxonomy":"sujet","embeddable":true,"href":"https:\/\/www.beaucamping.com\/es\/wp-json\/wp\/v2\/sujet?post=2449"}],"curies":[{"name":"wp","href":"https:\/\/api.w.org\/{rel}","templated":true}]}}