{"id":2491,"date":"2022-01-14T15:43:46","date_gmt":"2022-01-14T14:43:46","guid":{"rendered":"https:\/\/www.beaucamping.com\/tourisme-pyrenees-atlantiques\/"},"modified":"2022-03-28T16:38:28","modified_gmt":"2022-03-28T14:38:28","slug":"tourism-pyrenees-atlantiques","status":"publish","type":"page","link":"https:\/\/www.beaucamping.com\/en\/tourism-pyrenees-atlantiques\/","title":{"rendered":"La r\u00e9gion"},"content":{"rendered":"<section id=\"ls-section-block_61ee4fe35ef5f\" class=\"ls-section  page-one\" >\r\n        <div class=\"container container--wide\">\r\n        \n\n<h1 class=\"ls__heading has-text-align-center wp-block-heading\" id=\"decouvrir-les-pyrenees-atlantiques\">Discover the Pyr\u00e9n\u00e9es-Atlantiques<\/h1>\n\n\n\n<div class=\"wp-block-columns are-vertically-aligned-center is-layout-flex wp-container-core-columns-is-layout-9d6595d7 wp-block-columns-is-layout-flex\">\n<div class=\"wp-block-column is-vertically-aligned-center is-layout-flow wp-block-column-is-layout-flow\" style=\"flex-basis:40%\">\n<h2 class=\"ls-heading wp-block-heading\" id=\"a-voir-dans-les-pyrenees-atlantiques\">What to see in the Pyr\u00e9n\u00e9es-Atlantiques<\/h2>\n\n\n\n<h3 class=\"ls-heading wp-block-heading\" id=\"les-petits-villages-et-la-cote-basque\">Small villages and the Basque coast<\/h3>\n\n\n\n<p class=\"ls-paragraph\">If you want to relax in beautiful surroundings, don&#8217;t look too far! The neighbouring Basque Country, just <strong>an hour away <\/strong>from the <a href=\"https:\/\/www.beaucamping.com\/en\/\">campsite in the Pyr\u00e9n\u00e9es-Atlantiques<\/a>, will delight you with its wild landscapes bathed in sunshine and the breathtaking mountains of the Pyrenees.<\/p>\n\n\n\n<p class=\"ls-paragraph\">Discover the <strong>typical small villages of the Basque coast<\/strong> such as Bidart, Gu\u00e9thary and Saint-Jean-de-Luz, relax on the beaches and dive into the generous and powerful waves.<\/p>\n\n\n\n<p class=\"ls-paragraph\"><strong>Don&#8217;t forget the hinterland either<\/strong>, especially five Basque villages that we love, four of which are classified as &#8220;Most Beautiful Villages in France&#8221;: Ainhoa, Sare, La Bastide-Clairence and Saint-Jean-Pied-de-Port. Ready for a walk?&nbsp;<\/p>\n<\/div>\n\n\n\n<div class=\"wp-block-column is-vertically-aligned-center mozaique is-layout-flow wp-block-column-is-layout-flow\" style=\"flex-basis:60%\">\n<div class=\"wp-block-columns is-layout-flex wp-container-core-columns-is-layout-9d6595d7 wp-block-columns-is-layout-flex\">\n<div class=\"wp-block-column is-layout-flow wp-block-column-is-layout-flow\" style=\"flex-basis:66.66%\">\n<figure class=\"wp-block-image size-full\"><a href=\"https:\/\/www.beaucamping.com\/wp-content\/uploads\/2022\/02\/Bicarritz-cote-des-Basques.jpg\"><img decoding=\"async\" width=\"576\" height=\"432\" src=\"https:\/\/www.beaucamping.com\/wp-content\/uploads\/2022\/02\/Bicarritz-cote-des-Basques.jpg\" alt=\"biarritz ocean \" class=\"wp-image-1483\" srcset=\"https:\/\/www.beaucamping.com\/wp-content\/uploads\/2022\/02\/Bicarritz-cote-des-Basques.jpg 576w, https:\/\/www.beaucamping.com\/wp-content\/uploads\/2022\/02\/Bicarritz-cote-des-Basques-300x225.jpg 300w, https:\/\/www.beaucamping.com\/wp-content\/uploads\/2022\/02\/Bicarritz-cote-des-Basques-150x113.jpg 150w\" sizes=\"(max-width: 576px) 100vw, 576px\" \/><\/a><\/figure>\n<\/div>\n\n\n\n<div class=\"wp-block-column is-layout-flow wp-block-column-is-layout-flow\" style=\"flex-basis:33.33%\">\n<figure class=\"wp-block-image size-full\"><a href=\"https:\/\/www.beaucamping.com\/wp-content\/uploads\/2022\/02\/espelette.jpg\"><img decoding=\"async\" width=\"576\" height=\"431\" src=\"https:\/\/www.beaucamping.com\/wp-content\/uploads\/2022\/02\/espelette.jpg\" alt=\"espelette\" class=\"wp-image-1486\" srcset=\"https:\/\/www.beaucamping.com\/wp-content\/uploads\/2022\/02\/espelette.jpg 576w, https:\/\/www.beaucamping.com\/wp-content\/uploads\/2022\/02\/espelette-300x224.jpg 300w, https:\/\/www.beaucamping.com\/wp-content\/uploads\/2022\/02\/espelette-150x112.jpg 150w\" sizes=\"(max-width: 576px) 100vw, 576px\" \/><\/a><\/figure>\n<\/div>\n<\/div>\n\n\n\n<div class=\"wp-block-columns is-layout-flex wp-container-core-columns-is-layout-9d6595d7 wp-block-columns-is-layout-flex\">\n<div class=\"wp-block-column is-layout-flow wp-block-column-is-layout-flow\" style=\"flex-basis:33.33%\">\n<figure class=\"wp-block-image size-full\"><a href=\"https:\/\/www.beaucamping.com\/wp-content\/uploads\/2022\/02\/Thermes-Salies-\u00a9Olivier-Robinet.jpg\"><img decoding=\"async\" width=\"800\" height=\"532\" src=\"https:\/\/www.beaucamping.com\/wp-content\/uploads\/2022\/02\/Thermes-Salies-\u00a9Olivier-Robinet.jpg\" alt=\"thermes salies de bearn\" class=\"wp-image-1493\" srcset=\"https:\/\/www.beaucamping.com\/wp-content\/uploads\/2022\/02\/Thermes-Salies-\u00a9Olivier-Robinet.jpg 800w, https:\/\/www.beaucamping.com\/wp-content\/uploads\/2022\/02\/Thermes-Salies-\u00a9Olivier-Robinet-300x200.jpg 300w, https:\/\/www.beaucamping.com\/wp-content\/uploads\/2022\/02\/Thermes-Salies-\u00a9Olivier-Robinet-150x100.jpg 150w, https:\/\/www.beaucamping.com\/wp-content\/uploads\/2022\/02\/Thermes-Salies-\u00a9Olivier-Robinet-768x511.jpg 768w\" sizes=\"(max-width: 800px) 100vw, 800px\" \/><\/a><\/figure>\n<\/div>\n\n\n\n<div class=\"wp-block-column is-layout-flow wp-block-column-is-layout-flow\" style=\"flex-basis:66.66%\">\n<figure class=\"wp-block-image size-full\"><a href=\"https:\/\/www.beaucamping.com\/wp-content\/uploads\/2022\/02\/st-jean-Pied-de-Port.jpg\"><img decoding=\"async\" width=\"576\" height=\"432\" src=\"https:\/\/www.beaucamping.com\/wp-content\/uploads\/2022\/02\/st-jean-Pied-de-Port.jpg\" alt=\"st jean pied de port\" class=\"wp-image-1489\" srcset=\"https:\/\/www.beaucamping.com\/wp-content\/uploads\/2022\/02\/st-jean-Pied-de-Port.jpg 576w, https:\/\/www.beaucamping.com\/wp-content\/uploads\/2022\/02\/st-jean-Pied-de-Port-300x225.jpg 300w, https:\/\/www.beaucamping.com\/wp-content\/uploads\/2022\/02\/st-jean-Pied-de-Port-150x113.jpg 150w\" sizes=\"(max-width: 576px) 100vw, 576px\" \/><\/a><\/figure>\n<\/div>\n<\/div>\n<\/div>\n<\/div>\n\n\r\n    <\/div>\r\n<\/section>\n\n<section id=\"ls-section-block_61ee5895f01c3\" class=\"ls-section  home-fourth page-two\" >\r\n        <div class=\"container container--full\">\r\n        \n\n<div class=\"wp-block-columns is-layout-flex wp-container-core-columns-is-layout-9d6595d7 wp-block-columns-is-layout-flex\">\n<div class=\"wp-block-column is-vertically-aligned-center is-layout-flow wp-block-column-is-layout-flow\" style=\"flex-basis:40%\">\n<h3 class=\"ls-heading wp-block-heading\" id=\"l-espagne-a-1h-du-camping\">Spain at 1 hour from the campsite<\/h3>\n\n\n\n<ul class=\"ls-list wp-block-list\"><li>Ventas<\/li><\/ul>\n\n\n\n<p class=\"ls-paragraph\"><strong>Discover Spain<\/strong> and take advantage of its ventas, border shops between France and Spain, where you will find a <strong>wide range of products at attractive prices<\/strong> (meat, alcohol, petrol, tobacco, clothes\u2026).&nbsp;<\/p>\n\n\n\n<p class=\"ls-paragraph\"><strong>Arn\u00e9guy \u00e0 1h03<\/strong> \u2013 Barrio De Ventas, s\/n, 31660 Valcarlos, Navarra, Spain<\/p>\n\n\n\n<ul class=\"ls-list wp-block-list\"><li>San Sebastian, our favourite!&nbsp;<\/li><\/ul>\n\n\n\n<p class=\"ls-paragraph\"><a href=\"https:\/\/www.sansebastianturismoa.eus\/en\/\" target=\"_blank\" rel=\"noreferrer noopener\"><mark style=\"background-color:rgba(0, 0, 0, 0)\" class=\"has-inline-color has-color-2-color\"><span style=\"text-decoration: underline\" class=\"underline\">San Sebastian<\/span><\/mark><\/a> is <strong>famous for its beaches, its old town and its tapas<\/strong>. Discover its three beaches, stroll through its old town and enjoy the unique Spanish atmosphere!<\/p>\n<\/div>\n\n\n\n<div class=\"wp-block-column is-layout-flow wp-block-column-is-layout-flow\" style=\"flex-basis:60%\">\n<figure class=\"wp-block-image size-full\"><img decoding=\"async\" width=\"900\" height=\"600\" src=\"https:\/\/www.beaucamping.com\/wp-content\/uploads\/2022\/02\/san-sebastian-camping.jpg\" alt=\"san sebastian camping\" class=\"wp-image-1521\" srcset=\"https:\/\/www.beaucamping.com\/wp-content\/uploads\/2022\/02\/san-sebastian-camping.jpg 900w, https:\/\/www.beaucamping.com\/wp-content\/uploads\/2022\/02\/san-sebastian-camping-300x200.jpg 300w, https:\/\/www.beaucamping.com\/wp-content\/uploads\/2022\/02\/san-sebastian-camping-150x100.jpg 150w, https:\/\/www.beaucamping.com\/wp-content\/uploads\/2022\/02\/san-sebastian-camping-768x512.jpg 768w\" sizes=\"(max-width: 900px) 100vw, 900px\" \/><\/figure>\n<\/div>\n<\/div>\n\n\r\n    <\/div>\r\n<\/section>\n\n<section id=\"ls-section-block_61ee5ac5f01c5\" class=\"ls-section \" >\r\n        <div class=\"container container--wide\">\r\n        \n\n<div class=\"wp-block-columns is-layout-flex wp-container-core-columns-is-layout-9d6595d7 wp-block-columns-is-layout-flex\">\n<div class=\"wp-block-column is-layout-flow wp-block-column-is-layout-flow\" style=\"flex-basis:55%\">\n<div class=\"wp-block-columns is-layout-flex wp-container-core-columns-is-layout-9d6595d7 wp-block-columns-is-layout-flex\">\n<div class=\"wp-block-column is-layout-flow wp-block-column-is-layout-flow\">\n<iframe width=\"100%\" height=\"450\" src=\"https:\/\/www.youtube.com\/embed\/XY61fI84kaA\" title=\"YouTube video player\" frameborder=\"0\" allow=\"accelerometer; autoplay; clipboard-write; encrypted-media; gyroscope; picture-in-picture\" allowfullscreen=\"\"><\/iframe>\n<\/div>\n<\/div>\n<\/div>\n\n\n\n<div class=\"wp-block-column is-vertically-aligned-center is-layout-flow wp-block-column-is-layout-flow\" style=\"flex-basis:45%\">\n<h3 class=\"ls-heading wp-block-heading\" id=\"vacances-pres-de-lourdes\">Holidays near Lourdes<\/h3>\n\n\n\n<p class=\"ls-paragraph\">Discover <strong>Lourdes<\/strong>, a town in the Pyrenees that has become <strong>one of the largest pilgrimage sites in the world<\/strong> since the apparitions of the Virgin Mary to Bernadette Soubirous in 1858.<\/p>\n\n\n\n<p class=\"ls-paragraph\"><strong>On foot, discover an authentic Pyrenean town <\/strong>that has become the 2nd largest hotel town in France after Paris. First of all, visit<strong> the sanctuary of Notre-Dame de Lourdes<\/strong>. Continue on your way and pass by the<strong> cave of the apparitions<\/strong>. Finally, admire <strong>the 3 basilicas<\/strong>: the Immaculate Conception and its magnificent stained glass windows, Notre-Dame-du-Rosaire and its mosaics and the underground basilica of Saint Pius X. An unforgettable visit where emotions and fervour mingle.<\/p>\n\n\n\n<p class=\"ls-paragraph\">If you have the opportunity, <strong>take part in the torchlight procession<\/strong> (every evening from April to October). An exceptional moment of sharing.<\/p>\n<\/div>\n<\/div>\n\n\r\n    <\/div>\r\n<\/section>\n\n<section id=\"ls-section-block_61ee5d53f01c6\" class=\"ls-section  page-four has-text-color has-color-white-color\" >\r\n        <div class=\"container container--wide\">\r\n        \n\n<h3 class=\"ls-heading wp-block-heading\" id=\"visites-de-grottes\">Cave visits<\/h3>\n\n\n\n<ul class=\"ls-list wp-block-list\"><li><strong>Kakuetta Gorge<\/strong>&nbsp;<\/li><\/ul>\n\n\n\n<p class=\"ls-paragraph\">The Kakuetta Gorge is an extraordinary landscape and is renowned throughout Europe. High cliffs, breathtaking views, lush vegetation.<\/p>\n\n\n\n<ul class=\"ls-list wp-block-list\"><li><strong>Holzarte footbridge&nbsp;<\/strong><\/li><\/ul>\n\n\n\n<p class=\"ls-paragraph\">Located in the commune of Larrau, the Passerelle d&#8217;Holzarte is a &#8220;moving&#8221; bridge suspended over an impressive canyon: guaranteed excitement for young and old alike !<\/p>\n\n\n\n<ul class=\"ls-list wp-block-list\"><li><strong>Also not to be missed<\/strong><\/li><\/ul>\n\n\n\n<p class=\"ls-paragraph\">The <strong>caves of Betharram<\/strong> and the caves of Sare are exceptional sites to discover. As well as: the Caves of La Verna.\u00a0<\/p>\n\n\r\n    <\/div>\r\n<\/section>\n\n<section id=\"ls-section-block_621cca9bd4d84\" class=\"ls-section  page-one\" >\r\n        <div class=\"container container--wide\">\r\n        \n\n<h2 class=\"ls__heading has-text-align-center wp-block-heading\" id=\"a-voir-dans-les-pyrenees-atlantiques\">THINGS TO DO IN THE PYR\u00c9N\u00c9ES-ATLANTIQUES<\/h2>\n\n\n\n<div class=\"wp-block-columns are-vertically-aligned-center is-layout-flex wp-container-core-columns-is-layout-9d6595d7 wp-block-columns-is-layout-flex\">\n<div class=\"wp-block-column is-vertically-aligned-center is-layout-flow wp-block-column-is-layout-flow\" style=\"flex-basis:40%\">\n<h3 class=\"ls-heading wp-block-heading\" id=\"les-petits-villages-et-la-cote-basque\">SAUVETERRE-DE-B\u00c9ARN, THE MEDIEVAL VILLAGE AND THE THERMAL BATHS OF SALIES-DE-B\u00c9ARN<\/h3>\n\n\n\n<p class=\"ls-paragraph\"><strong>Located 30 minutes from the campsite<\/strong>, take advantage of your stay at the campsite to treat yourself to a wellness getaway at the<strong> <\/strong>Salies-de-B\u00e9arn thermal baths. Enjoy the medicinal properties of the<strong> thermal water of Salies-de-B\u00e9arn<\/strong> while relaxing! You can also discover the town: Salies-de-B\u00e9arn, the city of salt.<\/p>\n\n\n\n<p class=\"ls-paragraph\">Even closer to the campsite is Sauveterre-de-B\u00e9arn, a <strong>medieval town<\/strong> with impressive ramparts and defensive sites. Its rich military past has given rise to numerous monuments such as the Pont de la L\u00e9gende, the Tour Moncade, the church and the arsenal, all on the banks of the Gave d&#8217;Oloron and with views of the Pyrenees. Not to be missed under any circumstances!<\/p>\n\n\n\n<h3 class=\"ls-heading wp-block-heading\">THE LITTLE TRAIN OF ARTOUSTE<\/h3>\n\n\n\n<p class=\"ls-paragraph\"><strong>In the heart of the Ossau valley<\/strong>, in the Pyrenees and an hour from Pau, go to the top of the mountains,<strong> at an altitude of nearly 2000m <\/strong>with the Artouste little train. It is the highest train in Europe. Discover exceptional panoramas on board the train. <strong>On arrival, take a walk along the path to the Artouste lake<\/strong>. You might even see some marmots!\u00a0<\/p>\n<\/div>\n\n\n\n<div class=\"wp-block-column is-vertically-aligned-center mozaique is-layout-flow wp-block-column-is-layout-flow\" style=\"flex-basis:60%\">\n<div class=\"wp-block-columns is-layout-flex wp-container-core-columns-is-layout-9d6595d7 wp-block-columns-is-layout-flex\">\n<div class=\"wp-block-column is-layout-flow wp-block-column-is-layout-flow\" style=\"flex-basis:66.66%\">\n<figure class=\"wp-block-image size-full\"><a href=\"https:\/\/www.beaucamping.com\/wp-content\/uploads\/2022\/02\/visiter-salies-de-bearn.jpg\"><img decoding=\"async\" width=\"730\" height=\"486\" src=\"https:\/\/www.beaucamping.com\/wp-content\/uploads\/2022\/02\/visiter-salies-de-bearn.jpg\" alt=\"visiter salies de bearn\" class=\"wp-image-2201\" srcset=\"https:\/\/www.beaucamping.com\/wp-content\/uploads\/2022\/02\/visiter-salies-de-bearn.jpg 730w, https:\/\/www.beaucamping.com\/wp-content\/uploads\/2022\/02\/visiter-salies-de-bearn-300x200.jpg 300w\" sizes=\"(max-width: 730px) 100vw, 730px\" \/><\/a><\/figure>\n<\/div>\n\n\n\n<div class=\"wp-block-column is-layout-flow wp-block-column-is-layout-flow\" style=\"flex-basis:33.33%\">\n<figure class=\"wp-block-image size-full\"><a href=\"https:\/\/www.beaucamping.com\/wp-content\/uploads\/2022\/02\/petit-train-artouste.jpg\"><img decoding=\"async\" width=\"730\" height=\"486\" src=\"https:\/\/www.beaucamping.com\/wp-content\/uploads\/2022\/02\/petit-train-artouste.jpg\" alt=\"petit train artouste\" class=\"wp-image-2194\" srcset=\"https:\/\/www.beaucamping.com\/wp-content\/uploads\/2022\/02\/petit-train-artouste.jpg 730w, https:\/\/www.beaucamping.com\/wp-content\/uploads\/2022\/02\/petit-train-artouste-300x200.jpg 300w\" sizes=\"(max-width: 730px) 100vw, 730px\" \/><\/a><\/figure>\n<\/div>\n<\/div>\n\n\n\n<div class=\"wp-block-columns is-layout-flex wp-container-core-columns-is-layout-9d6595d7 wp-block-columns-is-layout-flex\">\n<div class=\"wp-block-column is-layout-flow wp-block-column-is-layout-flow\" style=\"flex-basis:100%\">\n<figure class=\"wp-block-embed is-type-video is-provider-youtube wp-block-embed-youtube w100 w-100 wp-embed-aspect-16-9 wp-has-aspect-ratio\"><div class=\"wp-block-embed__wrapper\">\nhttps:\/\/youtu.be\/RDYVkIDgfls\n<\/div><\/figure>\n<\/div>\n<\/div>\n<\/div>\n<\/div>\n\n\r\n    <\/div>\r\n<\/section>\n\n<section id=\"ls-section-block_620bb41ffaadb\" class=\"ls-section  home-fourth page-two\" >\r\n        <div class=\"container container--full\">\r\n        \n\n<div class=\"wp-block-columns is-layout-flex wp-container-core-columns-is-layout-9d6595d7 wp-block-columns-is-layout-flex\">\n<div class=\"wp-block-column is-vertically-aligned-center is-layout-flow wp-block-column-is-layout-flow\" style=\"flex-basis:40%\">\n<h3 class=\"ls-heading wp-block-heading\" id=\"marches-et-gastronomie-bearnaise\">Markets and B\u00e9arn gastronomy<\/h3>\n\n\n\n<p class=\"ls-paragraph\">Discover the<strong> local producers<\/strong> and the richness of our territory: B\u00e9arn.&nbsp;<\/p>\n\n\n\n<p class=\"ls-paragraph\">Discover <strong>our markets<\/strong>, some of which offer a sublime view of <strong>the Pyrenees<\/strong>.<\/p>\n\n\n\n<ul class=\"ls-list wp-block-list\"><li>Monday: Monein, Saint-Jean-Pied-de-Port,&nbsp;<\/li><li>Tuesday: Orthez, Salies-de-B\u00e9arn (July and August)<\/li><li>Wednesday: Navarrenx, Mourenx, Espelette, Peyrehorade<\/li><li>Thursday: Salies-de-B\u00e9arn,<\/li><li>Friday: Oloron-Sainte-Marie, Puyo\u00f4 (Friday evening from May to September),&nbsp;<\/li><li>Saturday: Sauveterre-de-B\u00e9arn, Salies-de-B\u00e9arn, Mourenx, Orthez, Espelette, Laruns.<\/li><li>Sunday: Navarrenx (mid-May to mid-September).<\/li><\/ul>\n<\/div>\n\n\n\n<div class=\"wp-block-column is-layout-flow wp-block-column-is-layout-flow\" style=\"flex-basis:60%\">\n<figure class=\"wp-block-image size-full\"><img decoding=\"async\" width=\"900\" height=\"600\" src=\"https:\/\/www.beaucamping.com\/wp-content\/uploads\/2022\/02\/marche-local-bearn.jpg\" alt=\"marche local bearn\" class=\"wp-image-1430\" srcset=\"https:\/\/www.beaucamping.com\/wp-content\/uploads\/2022\/02\/marche-local-bearn.jpg 900w, https:\/\/www.beaucamping.com\/wp-content\/uploads\/2022\/02\/marche-local-bearn-300x200.jpg 300w, https:\/\/www.beaucamping.com\/wp-content\/uploads\/2022\/02\/marche-local-bearn-150x100.jpg 150w, https:\/\/www.beaucamping.com\/wp-content\/uploads\/2022\/02\/marche-local-bearn-768x512.jpg 768w\" sizes=\"(max-width: 900px) 100vw, 900px\" \/><\/figure>\n<\/div>\n<\/div>\n\n\r\n    <\/div>\r\n<\/section>\n\n<section id=\"ls-section-block_620bb4e32b458\" class=\"ls-section  page-three\" >\r\n        <div class=\"container container--wide\">\r\n        \n\n<div class=\"wp-block-columns is-layout-flex wp-container-core-columns-is-layout-9d6595d7 wp-block-columns-is-layout-flex\">\n<div class=\"wp-block-column is-layout-flow wp-block-column-is-layout-flow\" style=\"flex-basis:50%\">\n<figure class=\"wp-block-image size-full is-resized\"><img decoding=\"async\" src=\"https:\/\/www.beaucamping.com\/wp-content\/uploads\/2022\/02\/fete-local-bearn.jpg\" alt=\"fete local bearn\" class=\"wp-image-1448\" width=\"725\" height=\"483\" srcset=\"https:\/\/www.beaucamping.com\/wp-content\/uploads\/2022\/02\/fete-local-bearn.jpg 600w, https:\/\/www.beaucamping.com\/wp-content\/uploads\/2022\/02\/fete-local-bearn-300x200.jpg 300w, https:\/\/www.beaucamping.com\/wp-content\/uploads\/2022\/02\/fete-local-bearn-150x100.jpg 150w\" sizes=\"(max-width: 725px) 100vw, 725px\" \/><\/figure>\n<\/div>\n\n\n\n<div class=\"wp-block-column is-layout-flow wp-block-column-is-layout-flow\" style=\"flex-basis:50%\">\n<h3 class=\"ls-heading wp-block-heading\" id=\"festivals-fetes-et-concerts-dans-les-pyrenees-atlantiques\">Festivals, parties and concerts in the Pyr\u00e9n\u00e9es-Atlantiques<\/h3>\n\n\n\n<p class=\"ls-paragraph\"><strong>B\u00e9arn <\/strong>is a region where people <strong>like to celebrate<\/strong>. With a <strong>strong culture<\/strong>, like its neighbour the Basque Country, there are parties, festivals, cultural and culinary events throughout the year..<\/p>\n\n\n\n<p class=\"ls-paragraph\">Below is a <strong>small overview of the events <\/strong>taking place in the summer:<\/p>\n\n\n\n<p class=\"ls-paragraph\">Throughout the summer:<\/p>\n\n\n\n<ul class=\"ls-list wp-block-list\"><li><strong>International Guitar Festival<\/strong> in Bearn in the whole department.<\/li><li><strong>The summer transhumance<\/strong>, from village to village, the herds join the summer pastures: Not to be missed!<\/li><\/ul>\n\n\n\n<p class=\"ls-paragraph\">In July<\/p>\n\n\n\n<ul class=\"ls-list wp-block-list\"><li><strong>Musical Tuesdays<\/strong>: concerts in the magnificent Echos theatre, every Tuesday in Navarrenx.<\/li><li><strong>Craft Exhibition<\/strong>: second week of July in Navarrenx<\/li><li><strong>Les F\u00eates de Monein<\/strong>: concerts, bandas and shows, during 5 days, end of July and beginning of August<\/li><li><strong>F\u00eate des Sottises<\/strong>: 3-day street arts festival at the end of the month in Salies-de-B\u00e9arn.<\/li><li><strong>Les M\u00e9di\u00e9vales<\/strong>: medieval market and activities at the end of the month in Sauveterre-de-B\u00e9arn.<\/li><\/ul>\n<\/div>\n<\/div>\n\n\r\n    <\/div>\r\n<\/section>\n\n<section id=\"ls-section-block_620bb5562b459\" class=\"ls-section  page-four\" >\r\n        <div class=\"container container--wide\">\r\n        \n\n<p class=\"ls-paragraph has-text-color has-color-white-color\">In August<\/p>\n\n\n\n<ul class=\"ls-list wp-block-list\"><li><strong>Musical Tuesdays<\/strong>: concerts in the magnificent Echos theatre, every Tuesday in Navarrenx.<\/li><\/ul>\n\n\n\n<ul class=\"ls-list wp-block-list\"><li><strong>The piperad\u00e8re<\/strong>: the biggest piperade b\u00e9arnaise competition organised in the middle of the month in Salies-de-B\u00e9arn<\/li><li><strong>The festival of the espadrille<\/strong>, the emblematic shoe of the Basque Country, in Maul\u00e9on in the middle of the month<\/li><li><strong>F\u00eates de Navarrenx<\/strong>: the second week of August in Navarrenx.<\/li><li><strong>Blonde d&#8217;Aquitaine Fair<\/strong>: at the end of the month in Sauveterre-de-B\u00e9arn<\/li><\/ul>\n\n\n\n<p class=\"ls-paragraph has-text-color has-color-white-color\">September<\/p>\n\n\n\n<ul class=\"ls-list wp-block-list\"><li><strong>The salt festival<\/strong>: second week of September in Salies-de-B\u00e9arn<\/li><li><strong>The Sauveterre festivals<\/strong>: in the middle of the month in Sauveterre-de-B\u00e9arn.<\/li><\/ul>\n\n\r\n    <\/div>\r\n<\/section>\n\n<section id=\"ls-section-block_61f24cc21ae9c\" class=\"ls-section  page-five\" >\r\n        <div class=\"container container--wide\">\r\n        \n\n<div id=\"ls-heading ls-titre-div-block_61f24d2b1ae9e\" class=\"ls-titre-div aligncenter h2-like\" >\n    Discover the other places around our campsite in Navarrenx<\/div>\n\n\n\n<div class=\"wp-block-columns is-layout-flex wp-container-core-columns-is-layout-9d6595d7 wp-block-columns-is-layout-flex\">\n<div class=\"wp-block-column is-layout-flow wp-block-column-is-layout-flow\"><div id=\"ls-maillage-block_61f24e751aea1\" class=\"ls-maillage cta-style-normal\" data-rows=\"3\">\r\n    <div class=\"wp-block-columns\"><div class=\"wp-block-column\">\n\n<a href=\"https:\/\/www.beaucamping.com\/en\/tourism-navarrenx\/\" target=\"\" rel=\"noopener\" class=\"ls-cta__link\" data-categ=\"\">\n\t<div class=\"ls-cta__image\"><img decoding=\"async\" src=\"https:\/\/www.beaucamping.com\/wp-content\/uploads\/2022\/02\/remparts-navarrenx.jpg\" alt=\"remparts navarrenx\"><\/div>\n\t<div class=\"ls-cta__title\">\n\t\tNavarrenx\t<\/div>\n\n\t<\/a><\/div><\/div><\/div><\/div>\n\n\n\n<div class=\"wp-block-column is-layout-flow wp-block-column-is-layout-flow\"><div id=\"ls-maillage-block_61f24ef61aea3\" class=\"ls-maillage cta-style-normal\" data-rows=\"3\">\r\n    <div class=\"wp-block-columns\"><div class=\"wp-block-column\">\n\n<a href=\"https:\/\/www.beaucamping.com\/en\/campsite-pau\/\" target=\"\" rel=\"noopener\" class=\"ls-cta__link\" data-categ=\"\">\n\t<div class=\"ls-cta__image\"><img decoding=\"async\" src=\"https:\/\/www.beaucamping.com\/wp-content\/uploads\/2022\/02\/camping-pau.jpg\" alt=\"camping pau\"><\/div>\n\t<div class=\"ls-cta__title\">\n\t\tPau\t<\/div>\n\n\t<\/a><\/div><\/div><\/div><\/div>\n\n\n\n<div class=\"wp-block-column is-layout-flow wp-block-column-is-layout-flow\"><div id=\"ls-maillage-block_61f24ef81aea4\" class=\"ls-maillage cta-style-normal\" data-rows=\"3\">\r\n    <div class=\"wp-block-columns\"><div class=\"wp-block-column\">\n\n<a href=\"https:\/\/www.beaucamping.com\/en\/rental-chalet-navarrenx\/\" target=\"\" rel=\"noopener\" class=\"ls-cta__link\" data-categ=\"\">\n\t<div class=\"ls-cta__image\"><img decoding=\"async\" src=\"https:\/\/www.beaucamping.com\/wp-content\/uploads\/2022\/02\/location-chalet-bearn.jpg\" alt=\"location chalet bearn\"><\/div>\n\t<div class=\"ls-cta__title\">\n\t\tChalets\t<\/div>\n\n\t<\/a><\/div><\/div><\/div><\/div>\n<\/div>\n\n\r\n    <\/div>\r\n<\/section>","protected":false},"excerpt":{"rendered":"","protected":false},"author":1,"featured_media":884,"parent":0,"menu_order":0,"comment_status":"closed","ping_status":"closed","template":"","meta":{"_acf_changed":false,"footnotes":""},"sujet":[],"class_list":["post-2491","page","type-page","status-publish","has-post-thumbnail","hentry"],"acf":[],"yoast_head":"<!-- This site is optimized with the Yoast SEO plugin v27.4 - https:\/\/yoast.com\/product\/yoast-seo-wordpress\/ -->\n<title>Visit the Pyr\u00e9n\u00e9es-Atlantiques | Activities and visit Pyr\u00e9n\u00e9es-Atlantiques<\/title>\n<meta name=\"description\" content=\"The campsite is located in the heart of the Atlantic Pyrenees department, which will surprise you with its heritage and its landscapes of sea and mountains.\" \/>\n<meta name=\"robots\" content=\"index, follow, max-snippet:-1, max-image-preview:large, max-video-preview:-1\" \/>\n<link rel=\"canonical\" href=\"https:\/\/www.beaucamping.com\/en\/tourism-pyrenees-atlantiques\/\" \/>\n<meta property=\"og:locale\" content=\"en_US\" \/>\n<meta property=\"og:type\" content=\"article\" \/>\n<meta property=\"og:title\" content=\"Visit the Pyr\u00e9n\u00e9es-Atlantiques | Activities and visit Pyr\u00e9n\u00e9es-Atlantiques\" \/>\n<meta property=\"og:description\" content=\"The campsite is located in the heart of the Atlantic Pyrenees department, which will surprise you with its heritage and its landscapes of sea and mountains.\" \/>\n<meta property=\"og:url\" content=\"https:\/\/www.beaucamping.com\/en\/tourism-pyrenees-atlantiques\/\" \/>\n<meta property=\"og:site_name\" content=\"Camping Beau Rivage\" \/>\n<meta property=\"article:modified_time\" content=\"2022-03-28T14:38:28+00:00\" \/>\n<meta property=\"og:image\" content=\"https:\/\/www.beaucamping.com\/wp-content\/uploads\/2022\/02\/sauveterre-gave-peche-camping.jpg\" \/>\n\t<meta property=\"og:image:width\" content=\"1900\" \/>\n\t<meta property=\"og:image:height\" content=\"700\" \/>\n\t<meta property=\"og:image:type\" content=\"image\/jpeg\" \/>\n<meta name=\"twitter:card\" content=\"summary_large_image\" \/>\n<meta name=\"twitter:label1\" content=\"Est. reading time\" \/>\n\t<meta name=\"twitter:data1\" content=\"7 minutes\" \/>\n<script type=\"application\/ld+json\" class=\"yoast-schema-graph\">{\"@context\":\"https:\\\/\\\/schema.org\",\"@graph\":[{\"@type\":\"WebPage\",\"@id\":\"https:\\\/\\\/www.beaucamping.com\\\/en\\\/tourism-pyrenees-atlantiques\\\/\",\"url\":\"https:\\\/\\\/www.beaucamping.com\\\/en\\\/tourism-pyrenees-atlantiques\\\/\",\"name\":\"Visit the Pyr\u00e9n\u00e9es-Atlantiques | Activities and visit Pyr\u00e9n\u00e9es-Atlantiques\",\"isPartOf\":{\"@id\":\"https:\\\/\\\/www.beaucamping.com\\\/en\\\/#website\"},\"primaryImageOfPage\":{\"@id\":\"https:\\\/\\\/www.beaucamping.com\\\/en\\\/tourism-pyrenees-atlantiques\\\/#primaryimage\"},\"image\":{\"@id\":\"https:\\\/\\\/www.beaucamping.com\\\/en\\\/tourism-pyrenees-atlantiques\\\/#primaryimage\"},\"thumbnailUrl\":\"https:\\\/\\\/www.beaucamping.com\\\/wp-content\\\/uploads\\\/2022\\\/02\\\/sauveterre-gave-peche-camping.jpg\",\"datePublished\":\"2022-01-14T14:43:46+00:00\",\"dateModified\":\"2022-03-28T14:38:28+00:00\",\"description\":\"The campsite is located in the heart of the Atlantic Pyrenees department, which will surprise you with its heritage and its landscapes of sea and mountains.\",\"breadcrumb\":{\"@id\":\"https:\\\/\\\/www.beaucamping.com\\\/en\\\/tourism-pyrenees-atlantiques\\\/#breadcrumb\"},\"inLanguage\":\"en-US\",\"potentialAction\":[{\"@type\":\"ReadAction\",\"target\":[\"https:\\\/\\\/www.beaucamping.com\\\/en\\\/tourism-pyrenees-atlantiques\\\/\"]}]},{\"@type\":\"ImageObject\",\"inLanguage\":\"en-US\",\"@id\":\"https:\\\/\\\/www.beaucamping.com\\\/en\\\/tourism-pyrenees-atlantiques\\\/#primaryimage\",\"url\":\"https:\\\/\\\/www.beaucamping.com\\\/wp-content\\\/uploads\\\/2022\\\/02\\\/sauveterre-gave-peche-camping.jpg\",\"contentUrl\":\"https:\\\/\\\/www.beaucamping.com\\\/wp-content\\\/uploads\\\/2022\\\/02\\\/sauveterre-gave-peche-camping.jpg\",\"width\":1900,\"height\":700,\"caption\":\"sauveterre gave peche camping\"},{\"@type\":\"BreadcrumbList\",\"@id\":\"https:\\\/\\\/www.beaucamping.com\\\/en\\\/tourism-pyrenees-atlantiques\\\/#breadcrumb\",\"itemListElement\":[{\"@type\":\"ListItem\",\"position\":1,\"name\":\"Campsite B\u00e9arn\",\"item\":\"https:\\\/\\\/www.beaucamping.com\\\/en\\\/\"},{\"@type\":\"ListItem\",\"position\":2,\"name\":\"Tourism in the Atlantic Pyrenees\"}]},{\"@type\":\"WebSite\",\"@id\":\"https:\\\/\\\/www.beaucamping.com\\\/en\\\/#website\",\"url\":\"https:\\\/\\\/www.beaucamping.com\\\/en\\\/\",\"name\":\"Camping Beau Rivage\",\"description\":\"\",\"publisher\":{\"@id\":\"https:\\\/\\\/www.beaucamping.com\\\/en\\\/#organization\"},\"potentialAction\":[{\"@type\":\"SearchAction\",\"target\":{\"@type\":\"EntryPoint\",\"urlTemplate\":\"https:\\\/\\\/www.beaucamping.com\\\/en\\\/?s={search_term_string}\"},\"query-input\":{\"@type\":\"PropertyValueSpecification\",\"valueRequired\":true,\"valueName\":\"search_term_string\"}}],\"inLanguage\":\"en-US\"},{\"@type\":\"Organization\",\"@id\":\"https:\\\/\\\/www.beaucamping.com\\\/en\\\/#organization\",\"name\":\"Camping Beau Rivage\",\"url\":\"https:\\\/\\\/www.beaucamping.com\\\/en\\\/\",\"logo\":{\"@type\":\"ImageObject\",\"inLanguage\":\"en-US\",\"@id\":\"https:\\\/\\\/www.beaucamping.com\\\/en\\\/#\\\/schema\\\/logo\\\/image\\\/\",\"url\":\"https:\\\/\\\/www.beaucamping.com\\\/wp-content\\\/uploads\\\/2022\\\/02\\\/logo-vert.jpg\",\"contentUrl\":\"https:\\\/\\\/www.beaucamping.com\\\/wp-content\\\/uploads\\\/2022\\\/02\\\/logo-vert.jpg\",\"width\":363,\"height\":169,\"caption\":\"Camping Beau Rivage\"},\"image\":{\"@id\":\"https:\\\/\\\/www.beaucamping.com\\\/en\\\/#\\\/schema\\\/logo\\\/image\\\/\"}}]}<\/script>\n<!-- \/ Yoast SEO plugin. -->","yoast_head_json":{"title":"Visit the Pyr\u00e9n\u00e9es-Atlantiques | Activities and visit Pyr\u00e9n\u00e9es-Atlantiques","description":"The campsite is located in the heart of the Atlantic Pyrenees department, which will surprise you with its heritage and its landscapes of sea and mountains.","robots":{"index":"index","follow":"follow","max-snippet":"max-snippet:-1","max-image-preview":"max-image-preview:large","max-video-preview":"max-video-preview:-1"},"canonical":"https:\/\/www.beaucamping.com\/en\/tourism-pyrenees-atlantiques\/","og_locale":"en_US","og_type":"article","og_title":"Visit the Pyr\u00e9n\u00e9es-Atlantiques | Activities and visit Pyr\u00e9n\u00e9es-Atlantiques","og_description":"The campsite is located in the heart of the Atlantic Pyrenees department, which will surprise you with its heritage and its landscapes of sea and mountains.","og_url":"https:\/\/www.beaucamping.com\/en\/tourism-pyrenees-atlantiques\/","og_site_name":"Camping Beau Rivage","article_modified_time":"2022-03-28T14:38:28+00:00","og_image":[{"width":1900,"height":700,"url":"https:\/\/www.beaucamping.com\/wp-content\/uploads\/2022\/02\/sauveterre-gave-peche-camping.jpg","type":"image\/jpeg"}],"twitter_card":"summary_large_image","twitter_misc":{"Est. reading time":"7 minutes"},"schema":{"@context":"https:\/\/schema.org","@graph":[{"@type":"WebPage","@id":"https:\/\/www.beaucamping.com\/en\/tourism-pyrenees-atlantiques\/","url":"https:\/\/www.beaucamping.com\/en\/tourism-pyrenees-atlantiques\/","name":"Visit the Pyr\u00e9n\u00e9es-Atlantiques | Activities and visit Pyr\u00e9n\u00e9es-Atlantiques","isPartOf":{"@id":"https:\/\/www.beaucamping.com\/en\/#website"},"primaryImageOfPage":{"@id":"https:\/\/www.beaucamping.com\/en\/tourism-pyrenees-atlantiques\/#primaryimage"},"image":{"@id":"https:\/\/www.beaucamping.com\/en\/tourism-pyrenees-atlantiques\/#primaryimage"},"thumbnailUrl":"https:\/\/www.beaucamping.com\/wp-content\/uploads\/2022\/02\/sauveterre-gave-peche-camping.jpg","datePublished":"2022-01-14T14:43:46+00:00","dateModified":"2022-03-28T14:38:28+00:00","description":"The campsite is located in the heart of the Atlantic Pyrenees department, which will surprise you with its heritage and its landscapes of sea and mountains.","breadcrumb":{"@id":"https:\/\/www.beaucamping.com\/en\/tourism-pyrenees-atlantiques\/#breadcrumb"},"inLanguage":"en-US","potentialAction":[{"@type":"ReadAction","target":["https:\/\/www.beaucamping.com\/en\/tourism-pyrenees-atlantiques\/"]}]},{"@type":"ImageObject","inLanguage":"en-US","@id":"https:\/\/www.beaucamping.com\/en\/tourism-pyrenees-atlantiques\/#primaryimage","url":"https:\/\/www.beaucamping.com\/wp-content\/uploads\/2022\/02\/sauveterre-gave-peche-camping.jpg","contentUrl":"https:\/\/www.beaucamping.com\/wp-content\/uploads\/2022\/02\/sauveterre-gave-peche-camping.jpg","width":1900,"height":700,"caption":"sauveterre gave peche camping"},{"@type":"BreadcrumbList","@id":"https:\/\/www.beaucamping.com\/en\/tourism-pyrenees-atlantiques\/#breadcrumb","itemListElement":[{"@type":"ListItem","position":1,"name":"Campsite B\u00e9arn","item":"https:\/\/www.beaucamping.com\/en\/"},{"@type":"ListItem","position":2,"name":"Tourism in the Atlantic Pyrenees"}]},{"@type":"WebSite","@id":"https:\/\/www.beaucamping.com\/en\/#website","url":"https:\/\/www.beaucamping.com\/en\/","name":"Camping Beau Rivage","description":"","publisher":{"@id":"https:\/\/www.beaucamping.com\/en\/#organization"},"potentialAction":[{"@type":"SearchAction","target":{"@type":"EntryPoint","urlTemplate":"https:\/\/www.beaucamping.com\/en\/?s={search_term_string}"},"query-input":{"@type":"PropertyValueSpecification","valueRequired":true,"valueName":"search_term_string"}}],"inLanguage":"en-US"},{"@type":"Organization","@id":"https:\/\/www.beaucamping.com\/en\/#organization","name":"Camping Beau Rivage","url":"https:\/\/www.beaucamping.com\/en\/","logo":{"@type":"ImageObject","inLanguage":"en-US","@id":"https:\/\/www.beaucamping.com\/en\/#\/schema\/logo\/image\/","url":"https:\/\/www.beaucamping.com\/wp-content\/uploads\/2022\/02\/logo-vert.jpg","contentUrl":"https:\/\/www.beaucamping.com\/wp-content\/uploads\/2022\/02\/logo-vert.jpg","width":363,"height":169,"caption":"Camping Beau Rivage"},"image":{"@id":"https:\/\/www.beaucamping.com\/en\/#\/schema\/logo\/image\/"}}]}},"_links":{"self":[{"href":"https:\/\/www.beaucamping.com\/en\/wp-json\/wp\/v2\/pages\/2491","targetHints":{"allow":["GET"]}}],"collection":[{"href":"https:\/\/www.beaucamping.com\/en\/wp-json\/wp\/v2\/pages"}],"about":[{"href":"https:\/\/www.beaucamping.com\/en\/wp-json\/wp\/v2\/types\/page"}],"author":[{"embeddable":true,"href":"https:\/\/www.beaucamping.com\/en\/wp-json\/wp\/v2\/users\/1"}],"replies":[{"embeddable":true,"href":"https:\/\/www.beaucamping.com\/en\/wp-json\/wp\/v2\/comments?post=2491"}],"version-history":[{"count":6,"href":"https:\/\/www.beaucamping.com\/en\/wp-json\/wp\/v2\/pages\/2491\/revisions"}],"predecessor-version":[{"id":3390,"href":"https:\/\/www.beaucamping.com\/en\/wp-json\/wp\/v2\/pages\/2491\/revisions\/3390"}],"wp:featuredmedia":[{"embeddable":true,"href":"https:\/\/www.beaucamping.com\/en\/wp-json\/wp\/v2\/media\/884"}],"wp:attachment":[{"href":"https:\/\/www.beaucamping.com\/en\/wp-json\/wp\/v2\/media?parent=2491"}],"wp:term":[{"taxonomy":"sujet","embeddable":true,"href":"https:\/\/www.beaucamping.com\/en\/wp-json\/wp\/v2\/sujet?post=2491"}],"curies":[{"name":"wp","href":"https:\/\/api.w.org\/{rel}","templated":true}]}}